{"id":8501,"date":"2023-03-20T00:18:22","date_gmt":"2023-03-19T23:18:22","guid":{"rendered":"https:\/\/www.caraveando.com\/?page_id=8501"},"modified":"2025-10-15T13:09:22","modified_gmt":"2025-10-15T11:09:22","slug":"rent-vans-9-seats-barcelona","status":"publish","type":"page","link":"https:\/\/www.caraveando.com\/en\/rent-vans-9-seats-barcelona\/","title":{"rendered":"Vans (7-9 seats)"},"content":{"rendered":"<div class=\"wpb-content-wrapper\"><p>[vc_row full_width=&#8221;stretch_row_content_no_spaces&#8221; gap=&#8221;35&#8243; content_placement=&#8221;top&#8221; el_class=&#8221;padding-mob cabecera&#8221; css=&#8221;.vc_custom_1695833998492{background: rgba(255,255,255,0.5) url(https:\/\/www.caraveando.com\/wp-content\/uploads\/alquiler-furgoneta-9-plazas-barcelona-portada.jpg?id=8512) !important;background-position: center !important;background-repeat: no-repeat !important;background-size: cover !important;*background-color: rgb(255,255,255) !important;}&#8221;][vc_column width=&#8221;1\/3&#8243;][\/vc_column][vc_column width=&#8221;2\/3&#8243; css=&#8221;.vc_custom_1695834835165{padding-top: 35px !important;padding-right: 35px !important;padding-bottom: 35px !important;padding-left: 35px !important;}&#8221;][vc_column_text el_class=&#8221;texto-cabecera&#8221;]<\/p>\n<h1 style=\"color: #ffffff; font-size: 22px; text-align: right;\">Rent vans 9 seats Barcelona<\/h1>\n<h2 style=\"padding-top: 15px; padding-bottom: 25px; color: #ffffff; text-align: right;\">Up to 9 seats for<br \/>\n <span style=\"color: #ef6917;\">travel all together<\/span><\/h2>\n<p>[\/vc_column_text][vc_btn title=&#8221;Reserve your van now&#8221; style=&#8221;outline-custom&#8221; outline_custom_color=&#8221;#ffffff&#8221; outline_custom_hover_background=&#8221;#333330&#8243; outline_custom_hover_text=&#8221;#ffffff&#8221; shape=&#8221;round&#8221; size=&#8221;lg&#8221; align=&#8221;center&#8221; css_animation=&#8221;bounceIn&#8221; button_block=&#8221;true&#8221; link=&#8221;url:%23listado|&#8221; css=&#8221;.vc_custom_1679267165600{background-color: #ef6715 !important;border-radius: 35px !important;}&#8221;][\/vc_column][\/vc_row][vc_row full_width=&#8221;stretch_row_content&#8221; el_class=&#8221;padding-mob extra-padding&#8221; css=&#8221;.vc_custom_1639841697884{margin-top: 0px !important;}&#8221;][vc_column css=&#8221;.vc_custom_1639789278213{border-radius: 35px !important;}&#8221;][vc_row_inner content_placement=&#8221;middle&#8221; css=&#8221;.vc_custom_1649673315379{padding-top: 0px !important;padding-right: 0px !important;padding-bottom: 5vh !important;padding-left: 0px !important;}&#8221; el_class=&#8221;extra-tall-row&#8221;][vc_column_inner width=&#8221;1\/12&#8243;][\/vc_column_inner][vc_column_inner width=&#8221;1\/2&#8243;][vc_column_text css_animation=&#8221;none&#8221; el_class=&#8221;resp-text2&#8243;]<\/p>\n<h3>What are the advantages of renting a 9-seater van in Barcelona?<\/h3>\n<p>At Caraveando, renting 9-seater vans in Barcelona is easy, fast, and reliable. We offer direct drop-off at airports and wherever you prefer, so you and your group can begin your trip without delays or complications. Our digital service guarantees a comfortable, safe experience at the best price on the market.  <\/p>\n<p>Renting a 9-seater van in Barcelona can offer many advantages, especially for families or groups of friends who want to travel together comfortably and cheaply.<\/p>\n<p>One of the most convenient options for <strong>renting a 9-seater van in Barcelona<\/strong> is to receive it directly at the exit of the <strong>Barcelona El Prat, Girona or Reus airport<\/strong> .<\/p>\n<p>In the airports there are numerous <strong>traditional rental companies<\/strong> , which provide a <strong>slow, boring service<\/strong> that forces you to walk <strong>dragging your suitcases<\/strong> to the opposite end of the airport.[\/vc_column_text][vc_column_text css_animation=&#8221;fadeInLeft&#8221; el_class=&#8221;resp-text2&#8243;]<em><span style=\"color: #ef6917;\"><strong>BUT CARAVEANDO IS DIFFERENT!<\/strong><\/span><\/em>[\/vc_column_text][vc_column_text css_animation=&#8221;none&#8221; el_class=&#8221;resp-text2&#8243;]You will no longer have to travel to our office.<\/p>\n<p>Caraveando is the only 9-seater van rental company in Barcelona that guarantees maximum comfort:<\/p>\n<p>When you arrive in Barcelona with your family or friends, we will deliver the <strong>9-seater<\/strong> van directly to you at the airport exit and in just <strong>3 minutes<\/strong> it will be ready to leave.<\/p>\n<p>Say goodbye to the long queues for the registration of documents and the delivery of keys.<\/p>\n<p>Caraveando manages everything digitally, with a simple application on the mobile phone, and will give you the keys when you leave the airport.<\/p>\n<p>In this way, you will avoid the problems of transporting luggage and you can leave immediately to discover the city and its surroundings.<\/p>\n<p>Forget about wasting your time in queues, and forget about offices and paperwork.<\/p>\n<p><strong>Tell us where and when and you will receive your 9-seater van rental Barcelona wherever you want and its surroundings.<\/strong>[\/vc_column_text][\/vc_column_inner][vc_column_inner width=&#8221;1\/3&#8243;][vc_single_image image=&#8221;8534&#8243; img_size=&#8221;full&#8221; alignment=&#8221;center&#8221; style=&#8221;vc_box_shadow_3d&#8221;][\/vc_column_inner][vc_column_inner width=&#8221;1\/12&#8243;][\/vc_column_inner][\/vc_row_inner][\/vc_column][\/vc_row][vc_row full_width=&#8221;stretch_row_content_no_spaces&#8221; css=&#8221;.vc_custom_1639765123611{margin-top: 0px !important;padding-top: 2vh !important;padding-bottom: 5vh !important;background-color: #fffffF !important;}&#8221; el_class=&#8221;padding-mob&#8221; el_id=&#8221;list&#8221;][vc_column][vc_row_inner css=&#8221;.vc_custom_1639764416933{padding-top: 0px !important;padding-bottom: 2vh !important;}&#8221;][vc_column_inner width=&#8221;1\/6&#8243;][\/vc_column_inner][vc_column_inner width=&#8221;2\/3&#8243;][vc_column_text]<\/p>\n<h2 style=\"text-align: center;\">9-seater van rental in Barcelona<\/h2>\n<p style=\"text-align: center;\">All the space you need for group travel.<\/p>\n<p style=\"text-align: center;\">Choose the one you like.<\/p>\n<p>[\/vc_column_text][\/vc_column_inner][vc_column_inner width=&#8221;1\/6&#8243;][\/vc_column_inner][\/vc_row_inner][vc_row_inner el_id=&#8221;coches&#8221;][vc_column_inner][vc_column_text]\t<div class=\"car-rental-items-list grid_mode_grid\">\r\n\t\t<div class=\"row no_margin\"><div class=\"col-xs-12 item-type-label\" id=\"3\">Furgonetas hasta 9 Plazas<\/div><\/div><div class=\"car-rental-items row-eq-height list\"><div class=\"row px-4 single-car-list item_id_55\"\r\n     data-item_passengers=\"8\"\r\n     data-fuel_type=\"4\"\r\n     data-transmission_type=\"2\"\r\n     data-manufacturer=\"11\"\r\n     data-body_type=\"3\">\r\n    <div class=\"col-xs-12 box_shadow block_full row-eq-height bra-1\">\r\n        <div class=\"item-image col-xs-12 col-sm-4 col-md-3\">\r\n\t\t\t                <a class=\"fancybox\" href=\"https:\/\/www.caraveando.com\/wp-content\/uploads\/CarRentalGallery\/1696363716_Rent_a_Van.jpg\"\r\n                   title=\"Peugeot eTraveller \">\r\n                    <img decoding=\"async\" class=\"item_list\" src=\"https:\/\/www.caraveando.com\/wp-content\/uploads\/CarRentalGallery\/thumb_1696363716_Rent_a_Van.jpg\"\r\n                         alt=\"Peugeot eTraveller \"\/>\r\n                <\/a>\r\n\t\t\t        <\/div>\r\n        <div class=\"item-details-group col-xs-12 col-sm-8 col-md-5 col-lg-6\">\r\n            <div class=\"row item_list_titles\">\r\n                <div class=\"col-xs-12 no_padding\">\r\n\t\t\t\t\t                    <a href=\"https:\/\/www.caraveando.com\/vehiculos\/peugeot-etraveller\/\"\r\n                       title=\"Show car description\">\r\n\t\t\t\t\t\t                        <span class=\"item_list_title\">Peugeot<\/span>\r\n                        <span class=\"item_list_title\">eTraveller<\/span>\r\n\t\t\t\t\t\t                    <\/a>\r\n\t\t\t\t                <\/div>\r\n            <\/div>\r\n            <div class=\"row no_padding item_details details\">\r\n\t\t\t\t                    <div class=\"col-xxs-12 col-xs-6 col-lg-4\">\r\n                        <i class=\"fas fa-car\"><\/i>\r\n                        <strong>\r\n\t\t\t\t\t\t\tClass:\r\n                        <\/strong> Vans up to 9 Seats                    <\/div>\r\n\t\t\t\t\t\t\t\t                    <div class=\"col-xxs-12 col-xs-6 col-lg-4\">\r\n                        <i class=\"fas fa-cogs\"><\/i>\r\n                        <strong>\r\n\t\t\t\t\t\t\tGearbox:\r\n                        <\/strong> Automatic                    <\/div>\r\n\t\t\t\t\t\t\t\t                    <div class=\"col-xxs-12 col-xs-6 col-lg-4\">\r\n                        <i class=\"fas fa-users\"><\/i>\r\n                        <strong>\r\n\t\t\t\t\t\t\tMax passengers:\r\n                        <\/strong> 8                    <\/div>\r\n\t\t\t\t\t\t\t\t                    <div class=\"col-xxs-12 col-xs-6 col-lg-4\">\r\n                        <i class=\"fas fa-gas-pump\"><\/i>\r\n                        <strong>\r\n\t\t\t\t\t\t\tFuel:\r\n                        <\/strong> Electrico                    <\/div>\r\n\t\t\t\t\t\t\t\t                    <div class=\"col-xxs-12 col-xs-6 col-lg-4\">\r\n                        <i class=\"far fa-chart-bar\"><\/i>\r\n                        <strong>Fuel usage:<\/strong>\r\n                        <span class=\"item_consumption\">20kwh<\/span>\r\n                    <\/div>\r\n\t\t\t\t\t                        <\/div>\r\n\t\t\t                <div class=\"row\">\r\n                    <div id=\"features-55\"\r\n                         class=\"col-xs-12 no_padding item_details features\">\r\n                        <span class=\"item-features-title\">Features<\/span>\r\n\t\t\t\t\t\t<div class=\"more-action col-xxs-12 col-xs-6 col-lg-4 soft-hide-more-grid\"><a class=\"primary_color more-features\" onclick=\"showHideFeatures('grid', 55)\"><i class=\"fas fa-plus\"><\/i>28 Mostrar todos<\/a><\/div><div class=\"single-feature col-xxs-12 col-xs-6 col-lg-4 soft-hide-grid\"><i class=\"fas fa-check\"><\/i>ABS<\/div><div class=\"single-feature col-xxs-12 col-xs-6 col-lg-4 soft-hide-grid\"><i class=\"fas fa-check\"><\/i>Airbags Frontales, Laterales, De Cortina Y Centrales Conductor y Acompa\u00f1ante<\/div><div class=\"single-feature col-xxs-12 col-xs-6 col-lg-4 soft-hide-grid\"><i class=\"fas fa-check\"><\/i>Front armrests<\/div><div class=\"single-feature col-xxs-12 col-xs-6 col-lg-4 soft-hide-grid\"><i class=\"fas fa-check\"><\/i>Heated front seats<\/div><div class=\"single-feature col-xxs-12 col-xs-6 col-lg-4 soft-hide-grid\"><i class=\"fas fa-check\"><\/i>Hill-start assistance<\/div><div class=\"more-action col-xxs-12 col-xs-6 col-lg-4 soft-hide-more-list\"><a class=\"primary_color more-features\" onclick=\"showHideFeatures('list', 55)\"><i class=\"fas fa-plus\"><\/i>23 More<\/a><\/div>\t\t\t\t\t\t\t\t\t\t\t\t\t<div class=\"single-feature col-xxs-12 col-xs-6 col-lg-4 soft-hide-grid soft-hide-list\"><i class=\"fas fa-check\"><\/i>Blind Spot Assist<\/div><div class=\"single-feature col-xxs-12 col-xs-6 col-lg-4 soft-hide-grid soft-hide-list\"><i class=\"fas fa-check\"><\/i>360\u00ba camera<\/div><div class=\"single-feature col-xxs-12 col-xs-6 col-lg-4 soft-hide-grid soft-hide-list\"><i class=\"fas fa-check\"><\/i>C\u00e1mara trasera<\/div><div class=\"single-feature col-xxs-12 col-xs-6 col-lg-4 soft-hide-grid soft-hide-list\"><i class=\"fas fa-check\"><\/i>Central locking system<\/div><div class=\"single-feature col-xxs-12 col-xs-6 col-lg-4 soft-hide-grid soft-hide-list\"><i class=\"fas fa-check\"><\/i>THERMOTRONIC air conditioning<\/div><div class=\"single-feature col-xxs-12 col-xs-6 col-lg-4 soft-hide-grid soft-hide-list\"><i class=\"fas fa-check\"><\/i>Conexi\u00f3n Autom\u00e1tica De Luces De Cruce<\/div><div class=\"single-feature col-xxs-12 col-xs-6 col-lg-4 soft-hide-grid soft-hide-list\"><i class=\"fas fa-check\"><\/i>Bluetooth<\/div><div class=\"single-feature col-xxs-12 col-xs-6 col-lg-4 soft-hide-grid soft-hide-list\"><i class=\"fas fa-check\"><\/i>USB connections<\/div><div class=\"single-feature col-xxs-12 col-xs-6 col-lg-4 soft-hide-grid soft-hide-list\"><i class=\"fas fa-check\"><\/i>Speed control<\/div><div class=\"single-feature col-xxs-12 col-xs-6 col-lg-4 soft-hide-grid soft-hide-list\"><i class=\"fas fa-check\"><\/i>Cuadros De Mando Digital<\/div><div class=\"single-feature col-xxs-12 col-xs-6 col-lg-4 soft-hide-grid soft-hide-list\"><i class=\"fas fa-check\"><\/i>DYNAMIC BODY CONTROL<\/div><div class=\"single-feature col-xxs-12 col-xs-6 col-lg-4 soft-hide-grid soft-hide-list\"><i class=\"fas fa-check\"><\/i>Elevalunas Electricos<\/div><div class=\"single-feature col-xxs-12 col-xs-6 col-lg-4 soft-hide-grid soft-hide-list\"><i class=\"fas fa-check\"><\/i>Faros Antinieblas<\/div><div class=\"single-feature col-xxs-12 col-xs-6 col-lg-4 soft-hide-grid soft-hide-list\"><i class=\"fas fa-check\"><\/i>Filtro Anti poluci\u00f3n y Antipolen<\/div><div class=\"single-feature col-xxs-12 col-xs-6 col-lg-4 soft-hide-grid soft-hide-list\"><i class=\"fas fa-check\"><\/i>Freno De Mano Electrico<\/div><div class=\"single-feature col-xxs-12 col-xs-6 col-lg-4 soft-hide-grid soft-hide-list\"><i class=\"fas fa-check\"><\/i>Keyless-go<\/div><div class=\"single-feature col-xxs-12 col-xs-6 col-lg-4 soft-hide-grid soft-hide-list\"><i class=\"fas fa-check\"><\/i>Trip computer<\/div><div class=\"single-feature col-xxs-12 col-xs-6 col-lg-4 soft-hide-grid soft-hide-list\"><i class=\"fas fa-check\"><\/i>Remote parking package<\/div><div class=\"single-feature col-xxs-12 col-xs-6 col-lg-4 soft-hide-grid soft-hide-list\"><i class=\"fas fa-check\"><\/i>Front Park Assist<\/div><div class=\"single-feature col-xxs-12 col-xs-6 col-lg-4 soft-hide-grid soft-hide-list\"><i class=\"fas fa-check\"><\/i>Reconocimento De Se\u00f1ales De Trafico<\/div><div class=\"single-feature col-xxs-12 col-xs-6 col-lg-4 soft-hide-grid soft-hide-list\"><i class=\"fas fa-check\"><\/i>Retrovisores Exteriores Abatibles El\u00e9ctricamente<\/div><div class=\"single-feature col-xxs-12 col-xs-6 col-lg-4 soft-hide-grid soft-hide-list\"><i class=\"fas fa-check\"><\/i>Volante De Cuero<\/div><div class=\"single-feature col-xxs-12 col-xs-6 col-lg-4 soft-hide-grid soft-hide-list\"><i class=\"fas fa-check\"><\/i>Volante Regulable En Altura Y Profundidadd<\/div>\t\t\t\t\t\t                    <\/div>\r\n                <\/div>\r\n\t\t\t        <\/div>\r\n        <div class=\"item-pricing col-xs-12 col-md-offset-1 col-md-3 col-lg-2 no_padding\">\r\n            <div class=\"float_right item_list_price_container\">\r\n                <span class=\"item_list_price_text\">day From<\/span>\r\n\t\t\t\t                    <span class=\"item_list_price\"\r\n                          title=\"157.30 EUR\">\r\n\t\t\t\t\t157 &euro;                        <\/span>\r\n\t\t\t\t            <\/div>\r\n            <div class=\"bottom-fixed\">\r\n                <div class=\"item_list_deposit_container\">\r\n                    <span class=\"item_list_deposit_title\">Deposit<\/span>\r\n                    <span class=\"item_list_deposit float_right\">1,600.00 EUR<\/span><br\/>\r\n\t\t\t\t\t                        <span class=\"item_list_mileage_title\">Mileage<\/span>\r\n                        <span class=\"item_list_mileage float_right\">150 Km<\/span>\r\n\t\t\t\t\t                <\/div>\r\n                <div class=\"car-rental-buttons\">\r\n\t\t\t\t\t                        <a class=\"item_list_button\" href=\"https:\/\/www.caraveando.com\/vehiculos\/peugeot-etraveller\/\"\r\n                           title=\"Rent\">\r\n                            <button>\r\n\t\t\t\t\t\t\t\tRent                            <\/button>\r\n                        <\/a>\r\n\t\t\t\t\t                <\/div>\r\n            <\/div>\r\n        <\/div>\r\n    <\/div>\r\n<\/div><div class=\"row px-4 single-car-list item_id_45\"\r\n     data-item_passengers=\"9\"\r\n     data-fuel_type=\"4\"\r\n     data-transmission_type=\"2\"\r\n     data-manufacturer=\"7\"\r\n     data-body_type=\"3\">\r\n    <div class=\"col-xs-12 box_shadow block_full row-eq-height bra-1\">\r\n        <div class=\"item-image col-xs-12 col-sm-4 col-md-3\">\r\n\t\t\t                <a class=\"fancybox\" href=\"https:\/\/www.caraveando.com\/wp-content\/uploads\/CarRentalGallery\/1679125286_Alquiler_furgoneta_Mercedes.jpg\"\r\n                   title=\"Mercedes Benz eVito Tourer Pro Long e100 \">\r\n                    <img decoding=\"async\" class=\"item_list\" src=\"https:\/\/www.caraveando.com\/wp-content\/uploads\/CarRentalGallery\/thumb_1679125286_Alquiler_furgoneta_Mercedes.jpg\"\r\n                         alt=\"Mercedes Benz eVito Tourer Pro Long e100 \"\/>\r\n                <\/a>\r\n\t\t\t        <\/div>\r\n        <div class=\"item-details-group col-xs-12 col-sm-8 col-md-5 col-lg-6\">\r\n            <div class=\"row item_list_titles\">\r\n                <div class=\"col-xs-12 no_padding\">\r\n\t\t\t\t\t                    <a href=\"https:\/\/www.caraveando.com\/vehiculos\/mercedes-benz-evito-tourer-pro-long-e100\/\"\r\n                       title=\"Show car description\">\r\n\t\t\t\t\t\t                        <span class=\"item_list_title\">Mercedes Benz<\/span>\r\n                        <span class=\"item_list_title\">eVito Tourer Pro Long e100<\/span>\r\n\t\t\t\t\t\t                    <\/a>\r\n\t\t\t\t                <\/div>\r\n            <\/div>\r\n            <div class=\"row no_padding item_details details\">\r\n\t\t\t\t                    <div class=\"col-xxs-12 col-xs-6 col-lg-4\">\r\n                        <i class=\"fas fa-car\"><\/i>\r\n                        <strong>\r\n\t\t\t\t\t\t\tClass:\r\n                        <\/strong> Vans up to 9 Seats                    <\/div>\r\n\t\t\t\t\t\t\t\t                    <div class=\"col-xxs-12 col-xs-6 col-lg-4\">\r\n                        <i class=\"fas fa-cogs\"><\/i>\r\n                        <strong>\r\n\t\t\t\t\t\t\tGearbox:\r\n                        <\/strong> Automatic                    <\/div>\r\n\t\t\t\t\t\t\t\t                    <div class=\"col-xxs-12 col-xs-6 col-lg-4\">\r\n                        <i class=\"fas fa-users\"><\/i>\r\n                        <strong>\r\n\t\t\t\t\t\t\tMax passengers:\r\n                        <\/strong> 9                    <\/div>\r\n\t\t\t\t\t\t\t\t                    <div class=\"col-xxs-12 col-xs-6 col-lg-4\">\r\n                        <i class=\"fas fa-gas-pump\"><\/i>\r\n                        <strong>\r\n\t\t\t\t\t\t\tFuel:\r\n                        <\/strong> Electrico                    <\/div>\r\n\t\t\t\t\t\t\t\t                    <div class=\"col-xxs-12 col-xs-6 col-lg-4\">\r\n                        <i class=\"far fa-chart-bar\"><\/i>\r\n                        <strong>Fuel usage:<\/strong>\r\n                        <span class=\"item_consumption\">20kwh<\/span>\r\n                    <\/div>\r\n\t\t\t\t\t                        <\/div>\r\n\t\t\t                <div class=\"row\">\r\n                    <div id=\"features-45\"\r\n                         class=\"col-xs-12 no_padding item_details features\">\r\n                        <span class=\"item-features-title\">Features<\/span>\r\n\t\t\t\t\t\t<div class=\"more-action col-xxs-12 col-xs-6 col-lg-4 soft-hide-more-grid\"><a class=\"primary_color more-features\" onclick=\"showHideFeatures('grid', 45)\"><i class=\"fas fa-plus\"><\/i>34 Mostrar todos<\/a><\/div><div class=\"single-feature col-xxs-12 col-xs-6 col-lg-4 soft-hide-grid\"><i class=\"fas fa-check\"><\/i>ABS<\/div><div class=\"single-feature col-xxs-12 col-xs-6 col-lg-4 soft-hide-grid\"><i class=\"fas fa-check\"><\/i>Airbags<\/div><div class=\"single-feature col-xxs-12 col-xs-6 col-lg-4 soft-hide-grid\"><i class=\"fas fa-check\"><\/i>Air conditioning<\/div><div class=\"single-feature col-xxs-12 col-xs-6 col-lg-4 soft-hide-grid\"><i class=\"fas fa-check\"><\/i>Front armrests<\/div><div class=\"single-feature col-xxs-12 col-xs-6 col-lg-4 soft-hide-grid\"><i class=\"fas fa-check\"><\/i>Asistente De Cambio Involuntario De Carril ( Active Lane Assist)<\/div><div class=\"more-action col-xxs-12 col-xs-6 col-lg-4 soft-hide-more-list\"><a class=\"primary_color more-features\" onclick=\"showHideFeatures('list', 45)\"><i class=\"fas fa-plus\"><\/i>29 More<\/a><\/div>\t\t\t\t\t\t\t\t\t\t\t\t\t<div class=\"single-feature col-xxs-12 col-xs-6 col-lg-4 soft-hide-grid soft-hide-list\"><i class=\"fas fa-check\"><\/i>ATTENTION ASSIST (Fatigue Alert)<\/div><div class=\"single-feature col-xxs-12 col-xs-6 col-lg-4 soft-hide-grid soft-hide-list\"><i class=\"fas fa-check\"><\/i>Hill-start assistance<\/div><div class=\"single-feature col-xxs-12 col-xs-6 col-lg-4 soft-hide-grid soft-hide-list\"><i class=\"fas fa-check\"><\/i>Brake Assist<\/div><div class=\"single-feature col-xxs-12 col-xs-6 col-lg-4 soft-hide-grid soft-hide-list\"><i class=\"fas fa-check\"><\/i>C\u00e1mara trasera<\/div><div class=\"single-feature col-xxs-12 col-xs-6 col-lg-4 soft-hide-grid soft-hide-list\"><i class=\"fas fa-check\"><\/i>Central locking system<\/div><div class=\"single-feature col-xxs-12 col-xs-6 col-lg-4 soft-hide-grid soft-hide-list\"><i class=\"fas fa-check\"><\/i>THERMOTRONIC air conditioning<\/div><div class=\"single-feature col-xxs-12 col-xs-6 col-lg-4 soft-hide-grid soft-hide-list\"><i class=\"fas fa-check\"><\/i>Conexi\u00f3n Autom\u00e1tica De Luces De Cruce<\/div><div class=\"single-feature col-xxs-12 col-xs-6 col-lg-4 soft-hide-grid soft-hide-list\"><i class=\"fas fa-check\"><\/i>Bluetooth<\/div><div class=\"single-feature col-xxs-12 col-xs-6 col-lg-4 soft-hide-grid soft-hide-list\"><i class=\"fas fa-check\"><\/i>USB connections<\/div><div class=\"single-feature col-xxs-12 col-xs-6 col-lg-4 soft-hide-grid soft-hide-list\"><i class=\"fas fa-check\"><\/i>Blind spot monitoring<\/div><div class=\"single-feature col-xxs-12 col-xs-6 col-lg-4 soft-hide-grid soft-hide-list\"><i class=\"fas fa-check\"><\/i>Tyre pressure monitoring<\/div><div class=\"single-feature col-xxs-12 col-xs-6 col-lg-4 soft-hide-grid soft-hide-list\"><i class=\"fas fa-check\"><\/i>Traction control (ASR)<\/div><div class=\"single-feature col-xxs-12 col-xs-6 col-lg-4 soft-hide-grid soft-hide-list\"><i class=\"fas fa-check\"><\/i>Speed control<\/div><div class=\"single-feature col-xxs-12 col-xs-6 col-lg-4 soft-hide-grid soft-hide-list\"><i class=\"fas fa-check\"><\/i>Detector De Fatiga<\/div><div class=\"single-feature col-xxs-12 col-xs-6 col-lg-4 soft-hide-grid soft-hide-list\"><i class=\"fas fa-check\"><\/i>DISTRONIC PLUS<\/div><div class=\"single-feature col-xxs-12 col-xs-6 col-lg-4 soft-hide-grid soft-hide-list\"><i class=\"fas fa-check\"><\/i>Faros Antinieblas<\/div><div class=\"single-feature col-xxs-12 col-xs-6 col-lg-4 soft-hide-grid soft-hide-list\"><i class=\"fas fa-check\"><\/i>Filtro Anti poluci\u00f3n y Antipolen<\/div><div class=\"single-feature col-xxs-12 col-xs-6 col-lg-4 soft-hide-grid soft-hide-list\"><i class=\"fas fa-check\"><\/i>LED High Performance<\/div><div class=\"single-feature col-xxs-12 col-xs-6 col-lg-4 soft-hide-grid soft-hide-list\"><i class=\"fas fa-check\"><\/i>Mercedes-Benz emergency call<\/div><div class=\"single-feature col-xxs-12 col-xs-6 col-lg-4 soft-hide-grid soft-hide-list\"><i class=\"fas fa-check\"><\/i>Multifunction steering wheel controls<\/div><div class=\"single-feature col-xxs-12 col-xs-6 col-lg-4 soft-hide-grid soft-hide-list\"><i class=\"fas fa-check\"><\/i>MBUX<\/div><div class=\"single-feature col-xxs-12 col-xs-6 col-lg-4 soft-hide-grid soft-hide-list\"><i class=\"fas fa-check\"><\/i>Trip computer<\/div><div class=\"single-feature col-xxs-12 col-xs-6 col-lg-4 soft-hide-grid soft-hide-list\"><i class=\"fas fa-check\"><\/i>Touch screen<\/div><div class=\"single-feature col-xxs-12 col-xs-6 col-lg-4 soft-hide-grid soft-hide-list\"><i class=\"fas fa-check\"><\/i>Front Park Assist<\/div><div class=\"single-feature col-xxs-12 col-xs-6 col-lg-4 soft-hide-grid soft-hide-list\"><i class=\"fas fa-check\"><\/i>Rear Park Assist<\/div><div class=\"single-feature col-xxs-12 col-xs-6 col-lg-4 soft-hide-grid soft-hide-list\"><i class=\"fas fa-check\"><\/i>Radio Digital DAB<\/div><div class=\"single-feature col-xxs-12 col-xs-6 col-lg-4 soft-hide-grid soft-hide-list\"><i class=\"fas fa-check\"><\/i>Retrovisores Exteriores Abatibles El\u00e9ctricamente<\/div><div class=\"single-feature col-xxs-12 col-xs-6 col-lg-4 soft-hide-grid soft-hide-list\"><i class=\"fas fa-check\"><\/i>Volante De Cuero<\/div><div class=\"single-feature col-xxs-12 col-xs-6 col-lg-4 soft-hide-grid soft-hide-list\"><i class=\"fas fa-check\"><\/i>WLAN\/Wi-Fi<\/div>\t\t\t\t\t\t                    <\/div>\r\n                <\/div>\r\n\t\t\t        <\/div>\r\n        <div class=\"item-pricing col-xs-12 col-md-offset-1 col-md-3 col-lg-2 no_padding\">\r\n            <div class=\"float_right item_list_price_container\">\r\n                <span class=\"item_list_price_text\">day From<\/span>\r\n\t\t\t\t                    <span class=\"item_list_price\"\r\n                          title=\"195.00 EUR\">\r\n\t\t\t\t\t195 &euro;                        <\/span>\r\n\t\t\t\t            <\/div>\r\n            <div class=\"bottom-fixed\">\r\n                <div class=\"item_list_deposit_container\">\r\n                    <span class=\"item_list_deposit_title\">Deposit<\/span>\r\n                    <span class=\"item_list_deposit float_right\">1,200.00 EUR<\/span><br\/>\r\n\t\t\t\t\t                        <span class=\"item_list_mileage_title\">Mileage<\/span>\r\n                        <span class=\"item_list_mileage float_right\">200 Km<\/span>\r\n\t\t\t\t\t                <\/div>\r\n                <div class=\"car-rental-buttons\">\r\n\t\t\t\t\t                        <a class=\"item_list_button\" href=\"https:\/\/www.caraveando.com\/vehiculos\/mercedes-benz-evito-tourer-pro-long-e100\/\"\r\n                           title=\"Rent\">\r\n                            <button>\r\n\t\t\t\t\t\t\t\tRent                            <\/button>\r\n                        <\/a>\r\n\t\t\t\t\t                <\/div>\r\n            <\/div>\r\n        <\/div>\r\n    <\/div>\r\n<\/div><\/div><div class=\"no-results-msg\"><\/div>\t<\/div>\r\n\t<script type=\"text\/javascript\">\r\n        jQuery(document).ready(function () {\r\n            jQuery('.fancybox').fancybox();\r\n\t\t\t        });\r\n\t<\/script>\r\n[\/vc_column_text][\/vc_column_inner][\/vc_row_inner][\/vc_column][\/vc_row][vc_row full_width=&#8221;stretch_row&#8221; css=&#8221;.vc_custom_1734952661158{margin-bottom: 0px !important;padding-top: 32px !important;padding-bottom: 32px !important;background-color: #f9f9f9 !important;}&#8221;][vc_column][vc_row_inner css=&#8221;.vc_custom_1734953253831{padding-top: 0px !important;padding-bottom: 0px !important;}&#8221;][vc_column_inner width=&#8221;1\/2&#8243;][vc_column_text css=&#8221;.vc_custom_1740599400436{margin-top: 32px !important;margin-bottom: 32px !important;}&#8221;]<\/p>\n<div class=\"title\">\n<h2 style=\"text-align: center;\">9-seater van rental in <span style=\"color: #ef6715;\">Barcelona<\/span> province<\/h2>\n<\/div>\n<p>[\/vc_column_text][vc_column_text]<\/p>\n<div class=\"center\">\n<h3 class=\"orange\">Facilities to deliver your vehicle<\/h3>\n<p>Are you here for work? Vacation? Don&#8217;t have a car right now and need one for a few days? Does your company have a new project?   <\/p>\n<p>Whatever your circumstances, at Caraveando you&#8217;ll find the vehicle you need with convenient delivery options at various locations throughout the province.<\/p>\n<\/div>\n<p>[\/vc_column_text][\/vc_column_inner][vc_column_inner width=&#8221;1\/2&#8243;][vc_icon icon_fontawesome=&#8221;fas fa-map-marked-alt&#8221; color=&#8221;custom&#8221; background_style=&#8221;rounded&#8221; background_color=&#8221;custom&#8221; align=&#8221;center&#8221; custom_color=&#8221;#ffffff&#8221; custom_background_color=&#8221;#ef6917&#8243;][vc_column_text]<\/p>\n<div class=\"center\">\n<h3 class=\"orange\">If you need a passenger van in&#8230;<\/h3>\n<p style=\"font-size: 15px !important;\">Cornell\u00e0 de Llobregat, Sant Boi de Llobregat, Castelldefels, Viladecans, El Prat de Llobregat, Gav\u00e0, Esplugues de Llobregat, Sant Feliu de Llobregat, Sant Joan Desp\u00ed, Sant Vicen\u00e7 dels Horts, Sant Andreu de la Barca, Molins de Rei, Sant Just Desvern, Sitges, Vilanova i la Geltr\u00fa, Vilafranca del Pened\u00e8s, Cubelles, Cunit, Calafell, Hospitalet de Llobregat<\/p>\n<\/div>\n<p>[\/vc_column_text][\/vc_column_inner][\/vc_row_inner][\/vc_column][\/vc_row][vc_row full_width=&#8221;stretch_row_content&#8221; css=&#8221;.vc_custom_1642108130784{margin-top: 0px !important;padding-top: 5vh !important;padding-bottom: 10vh !important;background-color: #ffaf7a !important;}&#8221; el_class=&#8221;padding-mob&#8221;][vc_column css=&#8221;.vc_custom_1639764725506{border-radius: 35px !important;}&#8221;][vc_row_inner rtl_reverse=&#8221;yes&#8221; content_placement=&#8221;middle&#8221; el_class=&#8221;padding-doble-version&#8221; el_id=&#8221;interior-photos&#8221;][vc_column_inner width=&#8221;1\/2&#8243; css=&#8221;.vc_custom_1639842547113{padding-bottom: 20px !important;background-color: #ffffff !important;border-radius: 35px !important;}&#8221;][vc_column_text css_animation=&#8221;fadeInLeft&#8221; el_class=&#8221;description-left resp-text2&#8243;]<\/p>\n<h3>Mercedes Benz e Vito<\/h3>\n<h4><em>Satisfaction Guarantee<\/em><\/h4>\n<p>An electric van designed for the city and the highway. With a quiet, emission-free engine, it lets you move freely and efficiently. <\/p>\n<p>Driving it is an agile and comfortable experience, with advanced technology to make every journey easier. Its ample cargo space and ergonomic seats make it ideal for both work and long trips. <\/p>\n<p>If you&#8217;re looking for a versatile, sustainable van with the signature Mercedes comfort, the eVito is your best option.[\/vc_column_text][\/vc_column_inner][vc_column_inner el_class=&#8221;photo-right&#8221; width=&#8221;1\/2&#8243;][vc_single_image image=&#8221;8608&#8243; img_size=&#8221;full&#8221; alignment=&#8221;center&#8221; style=&#8221;vc_box_border_circle&#8221; border_color=&#8221;white&#8221; onclick=&#8221;link_image&#8221; css=&#8221;.vc_custom_1740607015798{border-radius: 35px !important;}&#8221; el_class=&#8221;img-settings&#8221;][vc_btn title=&#8221;Book your Mercedes e Vito&#8221; style=&#8221;outline-custom&#8221; outline_custom_color=&#8221;#ffffff&#8221; outline_custom_hover_background=&#8221;#333330&#8243; outline_custom_hover_text=&#8221;#ffffff&#8221; shape=&#8221;round&#8221; size=&#8221;lg&#8221; align=&#8221;center&#8221; css_animation=&#8221;bounceIn&#8221; button_block=&#8221;true&#8221; link=&#8221;url:https%3A%2F%2Fwww.caraveando.com%2Fen%2Fvehiculos%2Fmercedes-benz-evito-tourer-pro-long-e100%2F|&#8221; css=&#8221;.vc_custom_1740607341966{background-color: #ef6715 !important;border-radius: 35px !important;}&#8221;][\/vc_column_inner][\/vc_row_inner][vc_empty_space height=&#8221;150px&#8221;][vc_row_inner content_placement=&#8221;middle&#8221; el_class=&#8221;padding-doble-version&#8221;][vc_column_inner el_class=&#8221;photo-left over&#8221; width=&#8221;1\/2&#8243;][vc_single_image image=&#8221;12167&#8243; img_size=&#8221;full&#8221; alignment=&#8221;center&#8221; style=&#8221;vc_box_border_circle&#8221; border_color=&#8221;white&#8221; onclick=&#8221;link_image&#8221; css=&#8221;.vc_custom_1740607257989{border-radius: 35px !important;}&#8221; el_class=&#8221;img-settings&#8221;][vc_btn title=&#8221;Reserve your Peugeot e Traveler&#8221; style=&#8221;outline-custom&#8221; outline_custom_color=&#8221;#ffffff&#8221; outline_custom_hover_background=&#8221;#333330&#8243; outline_custom_hover_text=&#8221;#ffffff&#8221; shape=&#8221;round&#8221; size=&#8221;lg&#8221; align=&#8221;center&#8221; css_animation=&#8221;bounceIn&#8221; button_block=&#8221;true&#8221; link=&#8221;url:https%3A%2F%2Fwww.caraveando.com%2Fvehiculos%2Fpeugeot-etraveller%2F|&#8221; css=&#8221;.vc_custom_1740607311977{background-color: #ef6715 !important;border-radius: 35px !important;}&#8221;][\/vc_column_inner][vc_column_inner el_class=&#8221;down&#8221; width=&#8221;1\/2&#8243; css=&#8221;.vc_custom_1639842648127{padding-bottom: 20px !important;background-color: #ffffff !important;border-radius: 35px !important;}&#8221;][vc_column_text css_animation=&#8221;fadeInRight&#8221; el_class=&#8221;description-right resp-text2&#8243;]<\/p>\n<h3>Peugeot e Traveller<\/h3>\n<h4><em>The electric minivan that redefines comfort<\/em><\/h4>\n<p>A spacious and versatile vehicle, perfect for traveling with family or work teams. Its 100% electric motor guarantees a quiet, efficient, and emission-free ride. <\/p>\n<p>Traveling in the e-Traveler means enjoying a premium experience: comfortable seats, ample cargo capacity, and advanced technology for safety and comfort. Plus, its long range allows you to move freely without worrying about recharging. <\/p>\n<p>If you&#8217;re looking for an electric minivan with style, space, and maximum comfort, this is your ideal travel companion.[\/vc_column_text][\/vc_column_inner][\/vc_row_inner][\/vc_column][\/vc_row][vc_row full_width=&#8221;stretch_row_content_no_spaces&#8221; el_class=&#8221;padding-mob&#8221; css=&#8221;.vc_custom_1695835569428{padding-top: 44px !important;padding-bottom: 44px !important;}&#8221;][vc_column][vc_row_inner][vc_column_inner width=&#8221;1\/6&#8243;][\/vc_column_inner][vc_column_inner width=&#8221;2\/3&#8243;][vc_column_text]<\/p>\n<h3 style=\"text-align: center;\">Why choose our 9-seater van rental service in Barcelona?<\/h3>\n<h4 style=\"text-align: center;\">Simply to benefit from our rental service which is:<\/h4>\n<p>[\/vc_column_text][\/vc_column_inner][vc_column_inner width=&#8221;1\/6&#8243;][\/vc_column_inner][\/vc_row_inner][vc_row_inner equal_height=&#8221;yes&#8221; gap=&#8221;35&#8243; css=&#8221;.vc_custom_1639010483910{padding-right: 40px !important;padding-left: 40px !important;}&#8221;][vc_column_inner width=&#8221;1\/3&#8243; css=&#8221;.vc_custom_1639011722025{padding-right: 30px !important;padding-left: 30px !important;background-color: #ffd9c6 !important;border-radius: 35px !important;}&#8221;][vc_column_text css_animation=&#8221;bounceInLeft&#8221;]<\/p>\n<h4 style=\"text-align: center;\">Comfortable<\/h4>\n<p style=\"text-align: center;\">We adapt to you. We deliver the vehicle free of charge at the airport or with a supplement where you tell us.<\/p>\n<p>[\/vc_column_text][\/vc_column_inner][vc_column_inner width=&#8221;1\/3&#8243; css=&#8221;.vc_custom_1639011102496{padding-right: 30px !important;padding-left: 30px !important;background-color: #ffd9c6 !important;border-radius: 35px !important;}&#8221;][vc_column_text css_animation=&#8221;bounceInUp&#8221;]<\/p>\n<h4 style=\"text-align: center;\">Quick<\/h4>\n<p style=\"text-align: center;\">No queues and no waiting. Our deliveries and returns are express thanks to a 100% digital process.<\/p>\n<p>[\/vc_column_text][\/vc_column_inner][vc_column_inner width=&#8221;1\/3&#8243; css=&#8221;.vc_custom_1639011116477{padding-right: 30px !important;padding-left: 30px !important;background-color: #ffd9c6 !important;border-radius: 35px !important;}&#8221;][vc_column_text css_animation=&#8221;bounceInRight&#8221;]<\/p>\n<h4 style=\"text-align: center;\">Reliable<\/h4>\n<p style=\"text-align: center;\">We avoid claiming damages that you have not done. A photographic report documents the state of the vehicle. And I share it with you.<\/p>\n<p>[\/vc_column_text][\/vc_column_inner][\/vc_row_inner][\/vc_column][\/vc_row][vc_row full_width=&#8221;stretch_row_content&#8221; el_class=&#8221;padding-mob extra-padding&#8221; css=&#8221;.vc_custom_1679263712937{margin-top: 0px !important;padding-bottom: 5vh !important;background-color: #fffffF !important;}&#8221;][vc_column css=&#8221;.vc_custom_1639789278213{border-radius: 35px !important;}&#8221;][vc_row_inner content_placement=&#8221;middle&#8221; css=&#8221;.vc_custom_1649688453192{padding-right: 0px !important;padding-left: 0px !important;}&#8221; el_class=&#8221;extra-tall-row&#8221;][vc_column_inner width=&#8221;1\/12&#8243;][\/vc_column_inner][vc_column_inner width=&#8221;1\/3&#8243;][vc_gallery type=&#8221;flexslider_slide&#8221; interval=&#8221;3&#8243; images=&#8221;8608,8611,8614,8620,8617&#8243; img_size=&#8221;full&#8221; onclick=&#8221;&#8221; el_id=&#8221;tres-minutos&#8221; css=&#8221;.vc_custom_1679266269222{margin-bottom: 0px !important;padding-bottom: 0px !important;}&#8221;][vc_btn title=&#8221;Reserve your van now&#8221; style=&#8221;outline-custom&#8221; outline_custom_color=&#8221;#ffffff&#8221; outline_custom_hover_background=&#8221;#333330&#8243; outline_custom_hover_text=&#8221;#ffffff&#8221; shape=&#8221;round&#8221; size=&#8221;lg&#8221; align=&#8221;center&#8221; css_animation=&#8221;bounceIn&#8221; button_block=&#8221;true&#8221; link=&#8221;url:%23listado|&#8221; css=&#8221;.vc_custom_1679267165600{background-color: #ef6715 !important;border-radius: 35px !important;}&#8221;][\/vc_column_inner][vc_column_inner width=&#8221;1\/2&#8243;][vc_column_text css_animation=&#8221;none&#8221; el_class=&#8221;resp-text2&#8243;]<\/p>\n<h2>Mercedes e Vito and Peugeot e Traveller rental<\/h2>\n<p>Caraveando is one of the few rental companies that can offer you the electric version of these renowned 8-9 seat passenger vans in the province of Barcelona.<\/p>\n<h3 style=\"text-align: left;\">What makes us different from other 9-seater van rental companies in Barcelona?<\/h3>\n<p>Caraveando was created by a mechanic of Polish nationality and German by adoption. He wanted to share his passion for cars.<\/p>\n<p>And above all, he wanted to offer his clients <strong>the best rental service<\/strong> , both personalized and innovative.<\/p>\n<p>And that&#8217;s why with Caraveando you can <strong>rent the 9-seater van<\/strong> anywhere you are: at the hotel exit, next to your house, near the beach, in the mountains.<\/p>\n<p><strong>Caraveando has no limits<\/strong> and if you don&#8217;t want to lose a minute of your trip, you can request the home delivery service of the van.<\/p>\n<p>This service is ideal for those who do not have time to go to the office to pick up their rental van in Barcelona and want to leave immediately to discover the city.<\/p>\n<p>In addition, Caraveando guarantees <strong>maximum reliability<\/strong> and safety, providing comfortable, luxurious vehicles, always checked and sanitized before each use.<\/p>\n<p>Therefore, although we are a small company, we offer a great service in 9-seater van rental Barcelona. We make sure that nothing tarnishes your experience.[\/vc_column_text][\/vc_column_inner][vc_column_inner width=&#8221;1\/12&#8243;][\/vc_column_inner][\/vc_row_inner][\/vc_column][\/vc_row][vc_row full_width=&#8221;stretch_row_content&#8221; el_class=&#8221;padding-mob extra-padding&#8221; css=&#8221;.vc_custom_1679263272007{margin-top: 0px !important;background-image: url(https:\/\/www.caraveando.com\/wp-content\/uploads\/alquiler-furgoneta-9-plazas-barcelona-precios.jpg?id=8591) !important;}&#8221;][vc_column css=&#8221;.vc_custom_1639789278213{border-radius: 35px !important;}&#8221;][vc_row_inner content_placement=&#8221;middle&#8221; css=&#8221;.vc_custom_1649695776535{padding-top: 0px !important;padding-right: 0px !important;padding-bottom: 5vh !important;padding-left: 0px !important;}&#8221;][vc_column_inner width=&#8221;7\/12&#8243; css=&#8221;.vc_custom_1649752078970{background-color: rgba(255,255,255,0.8) !important;*background-color: rgb(255,255,255) !important;}&#8221;][vc_column_text css_animation=&#8221;none&#8221; el_class=&#8221;resp-text2&#8243;]<\/p>\n<h3>How much does it cost to rent a 9-seater van in Barcelona?<\/h3>\n<p>Regarding the daily price of renting a 9-seater van in Barcelona, this varies depending on the season in which the rental is made and the characteristics of the chosen vehicle. <strong>Prices usually range between 80 and 500 euros<\/strong> . <\/p>\n<p>However, <strong>the convenience and economy of renting a 9-seater van in Barcelona<\/strong> for group trips, <strong>with Caraveando are indisputable<\/strong> .<\/p>\n<p>Because you can divide the costs among all the participants and save on the costs of public transport or taxis, taking advantage of the most comfortable and independent way to visit Barcelona and its surroundings.<\/p>\n<h3><strong>Are you looking for a cheap 9-seater car rental in Barcelona?<\/strong><\/h3>\n<p>So, you can choose our <a href=\"https:\/\/www.caraveando.com\/vehiculos\/mercedes-benz-vito-111-e-tourer\/\">Mercedes Benz Vito 111 E Tourer<\/a> and for only 91 euros a day, you can travel through the streets of Barcelona with up to 8 other passengers.<\/p>\n<p>In addition to a very convenient rental price, you will also save on fuel costs since it is an electric vehicle with very low consumption.<\/p>\n<p>And in the center of Barcelona you will not have to pay the parking meter!<\/p>\n<p>With our Electric Vito you will be able to travel in silence and in an ecological way to enjoy the tranquility of the beautiful scenery of the Mediterranean.<\/p>\n<p>You can <a href=\"https:\/\/www.caraveando.com\/en\/contact\/\">contact us<\/a> for a personalized quote, we are very close to you, we go <a href=\"https:\/\/maps.app.goo.gl\/UZsgpW1sQXVTWR3S9\" target=\"_blank\" rel=\"noopener\">wherever you<\/a> want.[\/vc_column_text][vc_column_text css_animation=&#8221;none&#8221; el_class=&#8221;resp-text2&#8243;]<strong>Are you looking for a cheap 9-seater car rental in Barcelona?<\/strong>[\/vc_column_text][vc_column_text css_animation=&#8221;none&#8221; el_class=&#8221;resp-text2&#8243;]So, you can choose our <a href=\"https:\/\/www.caraveando.com\/en\/vehiculos\/mercedes-benz-vito-111-e-tourer\/\">Mercedes Benz Vito 111 E Tourer<\/a> and for only 91 euros a day, you can travel through the streets of Barcelona with up to 8 other passengers.<\/p>\n<p>In addition to a very convenient rental price, you will also save on fuel costs since it is an electric vehicle with very low consumption.<\/p>\n<p>And in the center of Barcelona you will not have to pay the parking meter!<\/p>\n<p>With our Electric Vito you will be able to travel in silence and in an ecological way to enjoy the tranquility of the beautiful scenery of the Mediterranean.<\/p>\n<p>You can <a href=\"https:\/\/www.caraveando.com\/en\/contact\/\">contact us<\/a> for a personalized quote, we are very close to you, we go <a href=\"https:\/\/maps.app.goo.gl\/UZsgpW1sQXVTWR3S9\" target=\"_blank\" rel=\"noopener\">wherever you<\/a> want.[\/vc_column_text][vc_column_text css_animation=&#8221;fadeInLeft&#8221; el_class=&#8221;resp-text2&#8243;]<em><span style=\"color: #ef6917;\"><strong>Because our goal is to offer the right vehicle for every occasion.<\/strong><\/span><\/em>[\/vc_column_text][vc_column_text css_animation=&#8221;none&#8221; el_class=&#8221;resp-text2&#8243;]<strong>Because cars are our passion, and 9-seater van rental Barcelona.<\/strong>[\/vc_column_text][vc_btn title=&#8221;Reserve your van now&#8221; style=&#8221;outline-custom&#8221; outline_custom_color=&#8221;#ffffff&#8221; outline_custom_hover_background=&#8221;#333330&#8243; outline_custom_hover_text=&#8221;#ffffff&#8221; shape=&#8221;round&#8221; size=&#8221;lg&#8221; align=&#8221;center&#8221; css_animation=&#8221;bounceIn&#8221; button_block=&#8221;true&#8221; link=&#8221;url:%23listado|&#8221; css=&#8221;.vc_custom_1679267165600{background-color: #ef6715 !important;border-radius: 35px !important;}&#8221;][\/vc_column_inner][vc_column_inner width=&#8221;5\/12&#8243;][\/vc_column_inner][\/vc_row_inner][\/vc_column][\/vc_row][vc_row full_width=&#8221;stretch_row_content&#8221; css=&#8221;.vc_custom_1679266509523{margin-top: 0px !important;padding-top: 5vh !important;padding-bottom: 5vh !important;background-color: #fffffF !important;}&#8221; el_class=&#8221;padding-mob&#8221;][vc_column css=&#8221;.vc_custom_1640001237284{border-radius: 35px !important;}&#8221;][vc_row_inner][vc_column_inner width=&#8221;1\/6&#8243;][\/vc_column_inner][vc_column_inner width=&#8221;2\/3&#8243;][vc_column_text css_animation=&#8221;none&#8221; el_class=&#8221;resp-text2&#8243;]<\/p>\n<h3 style=\"text-align: center;\">This is what our clients say about the 9-seater van rental service in Barcelona.<\/h3>\n<p>[\/vc_column_text][\/vc_column_inner][vc_column_inner width=&#8221;1\/6&#8243;][\/vc_column_inner][\/vc_row_inner][vc_row_inner gap=&#8221;35&#8243; el_class=&#8221;padding-doble-version&#8221;][vc_column_inner width=&#8221;1\/3&#8243;][vc_column_text]<span style=\"color: #ef6917;\"><strong>Guillermo<\/strong><\/span><\/p>\n<p><img decoding=\"async\" class=\"alignnone wp-image-3171\" src=\"https:\/\/www.caraveando.es\/wp-content\/uploads\/cinco-estrellas.png\" alt=\"\" width=\"100\" height=\"18\" srcset=\"https:\/\/www.caraveando.com\/wp-content\/uploads\/cinco-estrellas.png 291w, https:\/\/www.caraveando.com\/wp-content\/uploads\/cinco-estrellas-150x26.png 150w\" sizes=\"(max-width: 100px) 100vw, 100px\" \/><\/p>\n<hr>\n<p><em><img decoding=\"async\" class=\"size-full wp-image-3177 alignleft\" src=\"https:\/\/www.caraveando.es\/wp-content\/uploads\/citar.png\" alt=\"\" width=\"40\" height=\"33\">In Caraveando not only have quality cars but with them all are facilities, such as being able to pay the deposit with debit card or cash. Although what I would highlight the most is the kindness with which you are treated.<\/em>[\/vc_column_text][\/vc_column_inner][vc_column_inner width=&#8221;1\/3&#8243;][vc_column_text]<span style=\"color: #ef6917;\"><strong>Raf<\/strong><\/span><\/p>\n<p><img decoding=\"async\" class=\"alignnone wp-image-3171\" src=\"https:\/\/www.caraveando.es\/wp-content\/uploads\/cinco-estrellas.png\" alt=\"\" width=\"100\" height=\"18\" srcset=\"https:\/\/www.caraveando.com\/wp-content\/uploads\/cinco-estrellas.png 291w, https:\/\/www.caraveando.com\/wp-content\/uploads\/cinco-estrellas-150x26.png 150w\" sizes=\"(max-width: 100px) 100vw, 100px\" \/><\/p>\n<hr>\n<p><em><img decoding=\"async\" class=\"size-full wp-image-3177 alignleft\" src=\"https:\/\/www.caraveando.es\/wp-content\/uploads\/citar.png\" alt=\"\" width=\"40\" height=\"33\">I use Caraveando when I need to rent a car for vacation or for work because the service they offer is very good. They always bring the car to me where I am and deliver the vehicles in perfect condition and clean.<\/em>[\/vc_column_text][\/vc_column_inner][vc_column_inner width=&#8221;1\/3&#8243;][vc_column_text]<span style=\"color: #ef6917;\"><strong>Miguel Angel<\/strong><\/span><\/p>\n<p><img decoding=\"async\" class=\"alignnone wp-image-3171\" src=\"https:\/\/www.caraveando.es\/wp-content\/uploads\/cinco-estrellas.png\" alt=\"\" width=\"100\" height=\"18\" srcset=\"https:\/\/www.caraveando.com\/wp-content\/uploads\/cinco-estrellas.png 291w, https:\/\/www.caraveando.com\/wp-content\/uploads\/cinco-estrellas-150x26.png 150w\" sizes=\"(max-width: 100px) 100vw, 100px\" \/><\/p>\n<hr>\n<p><em><img decoding=\"async\" class=\"size-full wp-image-3177 alignleft\" src=\"https:\/\/www.caraveando.es\/wp-content\/uploads\/citar.png\" alt=\"\" width=\"40\" height=\"33\">I always opt for Caraveando even though they are 70km away because they have very good prices. I would highlight the kindness and punctuality at the time of delivery of the vehicle. They have always treated me very well.<\/em>[\/vc_column_text][\/vc_column_inner][\/vc_row_inner][vc_empty_space][\/vc_column][\/vc_row][vc_row full_width=&#8221;stretch_row_content&#8221; css=&#8221;.vc_custom_1642115953177{margin-top: 0px !important;padding-top: 0px !important;padding-bottom: 10vh !important;}&#8221; el_class=&#8221;padding-mob&#8221;][vc_column css=&#8221;.vc_custom_1639876224297{border-radius: 35px !important;}&#8221;][vc_row_inner el_class=&#8221;padding-doble-version&#8221; css=&#8221;.vc_custom_1640035629390{margin-top: 0px !important;padding-top: 0px !important;}&#8221;][vc_column_inner width=&#8221;1\/6&#8243;][\/vc_column_inner][vc_column_inner width=&#8221;2\/3&#8243;][vc_column_text]<\/p>\n<h4 style=\"text-align: center;\">Are you worried that your rental van will not arrive at its destination in good condition?<\/h4>\n<p>[\/vc_column_text][\/vc_column_inner][vc_column_inner width=&#8221;1\/6&#8243;][\/vc_column_inner][\/vc_row_inner][vc_row_inner equal_height=&#8221;yes&#8221; content_placement=&#8221;top&#8221; gap=&#8221;35&#8243; css=&#8221;.vc_custom_1639927283092{border-radius: 35px !important;}&#8221;][vc_column_inner width=&#8221;1\/3&#8243;][vc_column_text]<\/p>\n<p style=\"text-align: center;\"><img decoding=\"async\" class=\"aligncenter wp-image-2519\" src=\"https:\/\/www.caraveando.es\/wp-content\/uploads\/taller-230x230.png\" alt=\"9 seater van rental Barcelona\" width=\"64\" height=\"64\" srcset=\"https:\/\/www.caraveando.com\/wp-content\/uploads\/taller-230x230.png 230w, https:\/\/www.caraveando.com\/wp-content\/uploads\/taller-500x500.png 500w, https:\/\/www.caraveando.com\/wp-content\/uploads\/taller-100x100.png 100w, https:\/\/www.caraveando.com\/wp-content\/uploads\/taller-55x55.png 55w, https:\/\/www.caraveando.com\/wp-content\/uploads\/taller-300x300.png 300w, https:\/\/www.caraveando.com\/wp-content\/uploads\/taller.png 512w\" sizes=\"(max-width: 64px) 100vw, 64px\" \/><\/p>\n<p style=\"text-align: center;\">We subject all our vehicles to strict inspections in official or specialized workshops. Periodically.<\/p>\n<p>[\/vc_column_text][\/vc_column_inner][vc_column_inner width=&#8221;1\/3&#8243;][vc_column_text]<\/p>\n<p style=\"text-align: center;\"><img loading=\"lazy\" decoding=\"async\" class=\"aligncenter wp-image-2521\" src=\"https:\/\/www.caraveando.es\/wp-content\/uploads\/pressure-washer-1-500x500.png\" alt=\"9 seater van rental Barcelona\" width=\"64\" height=\"64\" srcset=\"https:\/\/www.caraveando.com\/wp-content\/uploads\/pressure-washer-1-500x500.png 500w, https:\/\/www.caraveando.com\/wp-content\/uploads\/pressure-washer-1-230x230.png 230w, https:\/\/www.caraveando.com\/wp-content\/uploads\/pressure-washer-1-100x100.png 100w, https:\/\/www.caraveando.com\/wp-content\/uploads\/pressure-washer-1-55x55.png 55w, https:\/\/www.caraveando.com\/wp-content\/uploads\/pressure-washer-1-300x300.png 300w, https:\/\/www.caraveando.com\/wp-content\/uploads\/pressure-washer-1.png 512w\" sizes=\"(max-width: 64px) 100vw, 64px\" \/><\/p>\n<p style=\"text-align: center;\">We also perform a deep cleaning with ozone after each rental.<\/p>\n<p>[\/vc_column_text][\/vc_column_inner][vc_column_inner width=&#8221;1\/3&#8243;][vc_column_text]<\/p>\n<p style=\"text-align: center;\"><img loading=\"lazy\" decoding=\"async\" class=\"aligncenter wp-image-2523\" src=\"https:\/\/www.caraveando.es\/wp-content\/uploads\/24-7-support-500x500.png\" alt=\"9 seater van rental Barcelona\" width=\"64\" height=\"64\" srcset=\"https:\/\/www.caraveando.com\/wp-content\/uploads\/24-7-support-500x500.png 500w, https:\/\/www.caraveando.com\/wp-content\/uploads\/24-7-support-230x230.png 230w, https:\/\/www.caraveando.com\/wp-content\/uploads\/24-7-support-100x100.png 100w, https:\/\/www.caraveando.com\/wp-content\/uploads\/24-7-support-55x55.png 55w, https:\/\/www.caraveando.com\/wp-content\/uploads\/24-7-support-300x300.png 300w, https:\/\/www.caraveando.com\/wp-content\/uploads\/24-7-support.png 512w\" sizes=\"(max-width: 64px) 100vw, 64px\" \/><\/p>\n<p style=\"text-align: center;\">And, just in case you need it, you have 24\/7 customer service.<\/p>\n<p>[\/vc_column_text][\/vc_column_inner][\/vc_row_inner][\/vc_column][\/vc_row][vc_row full_width=&#8221;stretch_row_content&#8221; css=&#8221;.vc_custom_1642116079506{margin-top: 0px !important;padding-top: 5vh !important;padding-bottom: 15vh !important;background-color: #ffaf7a !important;}&#8221; el_class=&#8221;padding-mob&#8221;][vc_column css=&#8221;.vc_custom_1640001237284{border-radius: 35px !important;}&#8221;][vc_row_inner][vc_column_inner width=&#8221;1\/6&#8243;][\/vc_column_inner][vc_column_inner width=&#8221;2\/3&#8243;][vc_column_text css_animation=&#8221;none&#8221; el_class=&#8221;resp-text2&#8243; css=&#8221;.vc_custom_1740606537169{margin-bottom: 40px !important;}&#8221;]<\/p>\n<h4 style=\"text-align: center;\"><span style=\"color: #ffffff;\">Why wait any longer?<\/span><\/h4>\n<p style=\"text-align: center;\"><span style=\"color: #ffffff;\">Enjoy behind the wheel of a luxurious and very spacious car, which attracts all eyes wherever it goes.<\/span><\/p>\n<p>[\/vc_column_text][vc_custom_heading text=&#8221;Live a unique experience.&#8221; font_container=&#8221;tag:div|font_size:45|text_align:center&#8221; google_fonts=&#8221;font_family:Qwigley%3Aregular|font_style:400%20regular%3A400%3Anormal&#8221; css=&#8221;.vc_custom_1641163892813{margin-bottom: 50px !important;}&#8221;][vc_btn title=&#8221;Reserve your van now&#8221; style=&#8221;outline-custom&#8221; outline_custom_color=&#8221;#ffffff&#8221; outline_custom_hover_background=&#8221;#333330&#8243; outline_custom_hover_text=&#8221;#ffffff&#8221; shape=&#8221;round&#8221; size=&#8221;lg&#8221; align=&#8221;center&#8221; css_animation=&#8221;bounceIn&#8221; button_block=&#8221;true&#8221; link=&#8221;url:%23listado|&#8221; css=&#8221;.vc_custom_1679266659473{background-color: #ef6715 !important;border-radius: 35px !important;}&#8221;][\/vc_column_inner][vc_column_inner width=&#8221;1\/6&#8243;][\/vc_column_inner][\/vc_row_inner][\/vc_column][\/vc_row]<\/p>\n<\/div>","protected":false},"excerpt":{"rendered":"<p>[vc_row full_width=&#8221;stretch_row_content_no_spaces&#8221; gap=&#8221;35&#8243; content_placement=&#8221;top&#8221; el_class=&#8221;padding-mob cabecera&#8221; css=&#8221;.vc_custom_1695833998492{background: rgba(255,255,255,0.5) url(https:\/\/www.caraveando.com\/wp-content\/uploads\/alquiler-furgoneta-9-plazas-barcelona-portada.jpg?id=8512) !important;background-position: center !important;background-repeat: no-repeat !important;background-size: cover !important;*background-color: rgb(255,255,255) !important;}&#8221;][vc_column width=&#8221;1\/3&#8243;][\/vc_column][vc_column width=&#8221;2\/3&#8243; css=&#8221;.vc_custom_1695834835165{padding-top: 35px !important;padding-right: 35px !important;padding-bottom: 35px !important;padding-left: 35px !important;}&#8221;][vc_column_text el_class=&#8221;texto-cabecera&#8221;] Rent vans 9 seats Barcelona Up to 9 seats for travel all together [\/vc_column_text][vc_btn title=&#8221;Reserve your van now&#8221; style=&#8221;outline-custom&#8221; outline_custom_color=&#8221;#ffffff&#8221; outline_custom_hover_background=&#8221;#333330&#8243; outline_custom_hover_text=&#8221;#ffffff&#8221; shape=&#8221;round&#8221; size=&#8221;lg&#8221; align=&#8221;center&#8221; [&hellip;]<\/p>\n","protected":false},"author":23,"featured_media":0,"parent":0,"menu_order":0,"comment_status":"closed","ping_status":"closed","template":"homepage.php","meta":{"footnotes":""},"class_list":["post-8501","page","type-page","status-publish","hentry"],"_links":{"self":[{"href":"https:\/\/www.caraveando.com\/en\/wp-json\/wp\/v2\/pages\/8501","targetHints":{"allow":["GET"]}}],"collection":[{"href":"https:\/\/www.caraveando.com\/en\/wp-json\/wp\/v2\/pages"}],"about":[{"href":"https:\/\/www.caraveando.com\/en\/wp-json\/wp\/v2\/types\/page"}],"author":[{"embeddable":true,"href":"https:\/\/www.caraveando.com\/en\/wp-json\/wp\/v2\/users\/23"}],"replies":[{"embeddable":true,"href":"https:\/\/www.caraveando.com\/en\/wp-json\/wp\/v2\/comments?post=8501"}],"version-history":[{"count":0,"href":"https:\/\/www.caraveando.com\/en\/wp-json\/wp\/v2\/pages\/8501\/revisions"}],"wp:attachment":[{"href":"https:\/\/www.caraveando.com\/en\/wp-json\/wp\/v2\/media?parent=8501"}],"curies":[{"name":"wp","href":"https:\/\/api.w.org\/{rel}","templated":true}]}}