{"id":5050,"date":"2022-05-12T16:44:27","date_gmt":"2022-05-12T14:44:27","guid":{"rendered":"https:\/\/www.caraveando.com\/billige-autos\/"},"modified":"2025-11-19T16:03:29","modified_gmt":"2025-11-19T15:03:29","slug":"billige-autos","status":"publish","type":"page","link":"https:\/\/www.caraveando.com\/de\/billige-autos\/","title":{"rendered":"Billige Autos"},"content":{"rendered":"<div class=\"wpb-content-wrapper\"><p>[vc_row full_width=&#8220;stretch_row_content_no_spaces&#8220; gap=&#8220;35&#8243; full_height=&#8220;yes&#8220; columns_placement=&#8220;top&#8220; content_placement=&#8220;top&#8220; el_class=&#8220;padding-mob cabecera&#8220; css=&#8220;.vc_custom_1642082846436{background-image: url(https:\/\/www.caraveando.es\/wp-content\/uploads\/coches-baratos-barcelona-2.jpg?id=3002) !important;background-position: center !important;background-repeat: no-repeat !important;background-size: cover !important;}&#8220;][vc_column width=&#8220;7\/12&#8243; css=&#8220;.vc_custom_1642066871166{border-radius: 35px !important;}&#8220;][\/vc_column][vc_column width=&#8220;5\/12&#8243;][vc_column_text css=&#8220;.vc_custom_1649843613100{padding-bottom: 30px !important;}&#8220; el_class=&#8220;texto-cabecera&#8220;]<\/p>\n<h1 style=\"color: #ffffff; font-size: 22px; text-align: right;\">G\u00fcnstige Autovermietung in Barcelona<\/h1>\n<p style=\"display: none;\"><strong>Genie\u00dfen Sie eines unserer g\u00fcnstigen Mietwagenmodelle in Barcelona<\/strong><\/p>\n<h2 style=\"padding-top: 15px; padding-bottom: 25px; color: #ffffff; text-align: right;\">Das Auto, das Sie brauchen, zu einem <span style=\"color: #ef6917;\">Preis, den Sie m\u00f6gen<\/span><\/h2>\n<p>[\/vc_column_text][\/vc_column][\/vc_row][vc_row full_width=&#8220;stretch_row_content_no_spaces&#8220; css=&#8220;.vc_custom_1639765123611{margin-top: 0px !important;padding-top: 2vh !important;padding-bottom: 5vh !important;background-color: #fffffF !important;}&#8220; el_class=&#8220;padding-mob&#8220; el_id=&#8220;auff\u00fchren&#8220;][vc_column][vc_row_inner css=&#8220;.vc_custom_1639764416933{padding-top: 0px !important;padding-bottom: 2vh !important;}&#8220;][vc_column_inner width=&#8220;1\/6&#8243;][\/vc_column_inner][vc_column_inner width=&#8220;2\/3&#8243;][vc_column_text]<\/p>\n<h2 style=\"text-align: center;\"><b>Sie suchen ein Auto f\u00fcr den Urlaub, einen Kurzurlaub oder Ihren Alltag.<\/b><\/h2>\n<h3 style=\"text-align: center;\"><b>Und es sollte m\u00f6glichst billig sein.<\/b><\/h3>\n<p>[\/vc_column_text][\/vc_column_inner][vc_column_inner width=&#8220;1\/6&#8243;][\/vc_column_inner][\/vc_row_inner][vc_row_inner el_id=&#8220;coches&#8220;][vc_column_inner][vc_column_text]\t<div class=\"car-rental-items-list grid_mode_grid\">\r\n\t\t<div class=\"row no_margin\"><div class=\"col-xs-12 item-type-label\" id=\"14\">Coches Econ\u00f3micos<\/div><\/div><div class=\"car-rental-items row-eq-height list\"><div class=\"row px-4 single-car-list item_id_29\"\r\n     data-item_passengers=\"7\"\r\n     data-fuel_type=\"2\"\r\n     data-transmission_type=\"2\"\r\n     data-manufacturer=\"7\"\r\n     data-body_type=\"14\">\r\n    <div class=\"col-xs-12 box_shadow block_full row-eq-height bra-1\">\r\n        <div class=\"item-image col-xs-12 col-sm-4 col-md-3\">\r\n\t\t\t                <a class=\"fancybox\" href=\"https:\/\/www.caraveando.com\/wp-content\/uploads\/CarRentalGallery\/01-e320-front.jpg\"\r\n                   title=\"Mercedes Benz E320 CDI \">\r\n                    <img decoding=\"async\" class=\"item_list\" src=\"https:\/\/www.caraveando.com\/wp-content\/uploads\/CarRentalGallery\/thumb_01-e320-front.jpg\"\r\n                         alt=\"Mercedes Benz E320 CDI \"\/>\r\n                <\/a>\r\n\t\t\t        <\/div>\r\n        <div class=\"item-details-group col-xs-12 col-sm-8 col-md-5 col-lg-6\">\r\n            <div class=\"row item_list_titles\">\r\n                <div class=\"col-xs-12 no_padding\">\r\n\t\t\t\t\t                    <a href=\"https:\/\/www.caraveando.com\/vehiculos\/mercedes-benz-e320-cdi\/\"\r\n                       title=\"Fahrzeugbeschreibung anzeigen\">\r\n\t\t\t\t\t\t                        <span class=\"item_list_title\">Mercedes Benz<\/span>\r\n                        <span class=\"item_list_title\">E320 CDI<\/span>\r\n\t\t\t\t\t\t                    <\/a>\r\n\t\t\t\t                <\/div>\r\n            <\/div>\r\n            <div class=\"row no_padding item_details details\">\r\n\t\t\t\t                    <div class=\"col-xxs-12 col-xs-6 col-lg-4\">\r\n                        <i class=\"fas fa-car\"><\/i>\r\n                        <strong>\r\n\t\t\t\t\t\t\tKlasse:\r\n                        <\/strong> Coches Econ\u00f3micos                    <\/div>\r\n\t\t\t\t\t\t\t\t                    <div class=\"col-xxs-12 col-xs-6 col-lg-4\">\r\n                        <i class=\"fas fa-cogs\"><\/i>\r\n                        <strong>\r\n\t\t\t\t\t\t\tGetriebe:\r\n                        <\/strong> Autom\u00e1tico                    <\/div>\r\n\t\t\t\t\t\t\t\t                    <div class=\"col-xxs-12 col-xs-6 col-lg-4\">\r\n                        <i class=\"fas fa-users\"><\/i>\r\n                        <strong>\r\n\t\t\t\t\t\t\tMax Passagiere:\r\n                        <\/strong> 7                    <\/div>\r\n\t\t\t\t\t\t\t\t                    <div class=\"col-xxs-12 col-xs-6 col-lg-4\">\r\n                        <i class=\"fas fa-gas-pump\"><\/i>\r\n                        <strong>\r\n\t\t\t\t\t\t\tKraftstoff:\r\n                        <\/strong> Diesel                    <\/div>\r\n\t\t\t\t\t\t\t\t                    <div class=\"col-xxs-12 col-xs-6 col-lg-4\">\r\n                        <i class=\"far fa-chart-bar\"><\/i>\r\n                        <strong>Kraftstoffverbrauch:<\/strong>\r\n                        <span class=\"item_consumption\">5.7 I\/100km<\/span>\r\n                    <\/div>\r\n\t\t\t\t\t                        <\/div>\r\n\t\t\t                <div class=\"row\">\r\n                    <div id=\"features-29\"\r\n                         class=\"col-xs-12 no_padding item_details features\">\r\n                        <span class=\"item-features-title\">Eigenschaften<\/span>\r\n\t\t\t\t\t\t<div class=\"more-action col-xxs-12 col-xs-6 col-lg-4 soft-hide-more-grid\"><a class=\"primary_color more-features\" onclick=\"showHideFeatures('grid', 29)\"><i class=\"fas fa-plus\"><\/i>32 Mostrar todos<\/a><\/div><div class=\"single-feature col-xxs-12 col-xs-6 col-lg-4 soft-hide-grid\"><i class=\"fas fa-check\"><\/i>6 Altavoces<\/div><div class=\"single-feature col-xxs-12 col-xs-6 col-lg-4 soft-hide-grid\"><i class=\"fas fa-check\"><\/i>7G-TRONIC<\/div><div class=\"single-feature col-xxs-12 col-xs-6 col-lg-4 soft-hide-grid\"><i class=\"fas fa-check\"><\/i>ABS<\/div><div class=\"single-feature col-xxs-12 col-xs-6 col-lg-4 soft-hide-grid\"><i class=\"fas fa-check\"><\/i>Airbags<\/div><div class=\"single-feature col-xxs-12 col-xs-6 col-lg-4 soft-hide-grid\"><i class=\"fas fa-check\"><\/i>Aire acondicionado<\/div><div class=\"more-action col-xxs-12 col-xs-6 col-lg-4 soft-hide-more-list\"><a class=\"primary_color more-features\" onclick=\"showHideFeatures('list', 29)\"><i class=\"fas fa-plus\"><\/i>27 M\u00e1s<\/a><\/div>\t\t\t\t\t\t\t\t\t\t\t\t\t<div class=\"single-feature col-xxs-12 col-xs-6 col-lg-4 soft-hide-grid soft-hide-list\"><i class=\"fas fa-check\"><\/i>Apertura\/cierre autom\u00e1tico del maletero con HANDS-FREE ACCESS<\/div><div class=\"single-feature col-xxs-12 col-xs-6 col-lg-4 soft-hide-grid soft-hide-list\"><i class=\"fas fa-check\"><\/i>Apoyabrazos delanteros<\/div><div class=\"single-feature col-xxs-12 col-xs-6 col-lg-4 soft-hide-grid soft-hide-list\"><i class=\"fas fa-check\"><\/i>Apoyabrazos trasero<\/div><div class=\"single-feature col-xxs-12 col-xs-6 col-lg-4 soft-hide-grid soft-hide-list\"><i class=\"fas fa-check\"><\/i>Asientos delanteros con ajuste el\u00e9ctrico<\/div><div class=\"single-feature col-xxs-12 col-xs-6 col-lg-4 soft-hide-grid soft-hide-list\"><i class=\"fas fa-check\"><\/i>Asientos delanteros con calefacci\u00f3n<\/div><div class=\"single-feature col-xxs-12 col-xs-6 col-lg-4 soft-hide-grid soft-hide-list\"><i class=\"fas fa-check\"><\/i>Asientos Delanteros Ventilados<\/div><div class=\"single-feature col-xxs-12 col-xs-6 col-lg-4 soft-hide-grid soft-hide-list\"><i class=\"fas fa-check\"><\/i>Ayuda al arranque en pendientes<\/div><div class=\"single-feature col-xxs-12 col-xs-6 col-lg-4 soft-hide-grid soft-hide-list\"><i class=\"fas fa-check\"><\/i>Boton De Arranque<\/div><div class=\"single-feature col-xxs-12 col-xs-6 col-lg-4 soft-hide-grid soft-hide-list\"><i class=\"fas fa-check\"><\/i>Cierre centralizado<\/div><div class=\"single-feature col-xxs-12 col-xs-6 col-lg-4 soft-hide-grid soft-hide-list\"><i class=\"fas fa-check\"><\/i>Lichassistent <\/div><div class=\"single-feature col-xxs-12 col-xs-6 col-lg-4 soft-hide-grid soft-hide-list\"><i class=\"fas fa-check\"><\/i>Control de estabilidad (ESP)<\/div><div class=\"single-feature col-xxs-12 col-xs-6 col-lg-4 soft-hide-grid soft-hide-list\"><i class=\"fas fa-check\"><\/i>Control de tracci\u00f3n (ASR)<\/div><div class=\"single-feature col-xxs-12 col-xs-6 col-lg-4 soft-hide-grid soft-hide-list\"><i class=\"fas fa-check\"><\/i>Control de velocidad<\/div><div class=\"single-feature col-xxs-12 col-xs-6 col-lg-4 soft-hide-grid soft-hide-list\"><i class=\"fas fa-check\"><\/i>Elevalunas Electricos<\/div><div class=\"single-feature col-xxs-12 col-xs-6 col-lg-4 soft-hide-grid soft-hide-list\"><i class=\"fas fa-check\"><\/i>Faros Antinieblas<\/div><div class=\"single-feature col-xxs-12 col-xs-6 col-lg-4 soft-hide-grid soft-hide-list\"><i class=\"fas fa-check\"><\/i>Filtro Anti poluci\u00f3n y Antipolen<\/div><div class=\"single-feature col-xxs-12 col-xs-6 col-lg-4 soft-hide-grid soft-hide-list\"><i class=\"fas fa-check\"><\/i>Keyless-go<\/div><div class=\"single-feature col-xxs-12 col-xs-6 col-lg-4 soft-hide-grid soft-hide-list\"><i class=\"fas fa-check\"><\/i>Mandos multifunci\u00f3n en volante<\/div><div class=\"single-feature col-xxs-12 col-xs-6 col-lg-4 soft-hide-grid soft-hide-list\"><i class=\"fas fa-check\"><\/i>Ordenador de viaje<\/div><div class=\"single-feature col-xxs-12 col-xs-6 col-lg-4 soft-hide-grid soft-hide-list\"><i class=\"fas fa-check\"><\/i>Paquete De Cuero Completo<\/div><div class=\"single-feature col-xxs-12 col-xs-6 col-lg-4 soft-hide-grid soft-hide-list\"><i class=\"fas fa-check\"><\/i>Park Assist delantero<\/div><div class=\"single-feature col-xxs-12 col-xs-6 col-lg-4 soft-hide-grid soft-hide-list\"><i class=\"fas fa-check\"><\/i>Park Assist trasero<\/div><div class=\"single-feature col-xxs-12 col-xs-6 col-lg-4 soft-hide-grid soft-hide-list\"><i class=\"fas fa-check\"><\/i>Sensor De Lluvia y Luz<\/div><div class=\"single-feature col-xxs-12 col-xs-6 col-lg-4 soft-hide-grid soft-hide-list\"><i class=\"fas fa-check\"><\/i>Suspension Neumatica<\/div><div class=\"single-feature col-xxs-12 col-xs-6 col-lg-4 soft-hide-grid soft-hide-list\"><i class=\"fas fa-check\"><\/i>Techo corredizo panor\u00e1mico el\u00e9ctrico<\/div><div class=\"single-feature col-xxs-12 col-xs-6 col-lg-4 soft-hide-grid soft-hide-list\"><i class=\"fas fa-check\"><\/i>Volante De Cuero<\/div><div class=\"single-feature col-xxs-12 col-xs-6 col-lg-4 soft-hide-grid soft-hide-list\"><i class=\"fas fa-check\"><\/i>Volante Regulable En Altura Y Profundidadd<\/div>\t\t\t\t\t\t                    <\/div>\r\n                <\/div>\r\n\t\t\t        <\/div>\r\n        <div class=\"item-pricing col-xs-12 col-md-offset-1 col-md-3 col-lg-2 no_padding\">\r\n            <div class=\"float_right item_list_price_container\">\r\n                <span class=\"item_list_price_text\">Tag Von<\/span>\r\n\t\t\t\t                    <span class=\"item_list_price\"\r\n                          title=\"42,35 EUR\">\r\n\t\t\t\t\t42 &euro;                        <\/span>\r\n\t\t\t\t            <\/div>\r\n            <div class=\"bottom-fixed\">\r\n                <div class=\"item_list_deposit_container\">\r\n                    <span class=\"item_list_deposit_title\">Kaution<\/span>\r\n                    <span class=\"item_list_deposit float_right\">500,00 EUR<\/span><br\/>\r\n\t\t\t\t\t                        <span class=\"item_list_mileage_title\">Kilometer inkl.<\/span>\r\n                        <span class=\"item_list_mileage float_right\">100 Km<\/span>\r\n\t\t\t\t\t                <\/div>\r\n                <div class=\"car-rental-buttons\">\r\n\t\t\t\t\t                        <a class=\"item_list_button\" href=\"https:\/\/www.caraveando.com\/vehiculos\/mercedes-benz-e320-cdi\/\"\r\n                           title=\"Buchen\">\r\n                            <button>\r\n\t\t\t\t\t\t\t\tBuchen                            <\/button>\r\n                        <\/a>\r\n\t\t\t\t\t                <\/div>\r\n            <\/div>\r\n        <\/div>\r\n    <\/div>\r\n<\/div><div class=\"row px-4 single-car-list item_id_73\"\r\n     data-item_passengers=\"5\"\r\n     data-fuel_type=\"2\"\r\n     data-transmission_type=\"1\"\r\n     data-manufacturer=\"15\"\r\n     data-body_type=\"14\">\r\n    <div class=\"col-xs-12 box_shadow block_full row-eq-height bra-1\">\r\n        <div class=\"item-image col-xs-12 col-sm-4 col-md-3\">\r\n\t\t\t                <a class=\"fancybox\" href=\"https:\/\/www.caraveando.com\/wp-content\/uploads\/CarRentalGallery\/Screenshot_20260111_131005_Chrome.jpg\"\r\n                   title=\"Opel Crossland GS Diesel \">\r\n                    <img decoding=\"async\" class=\"item_list\" src=\"https:\/\/www.caraveando.com\/wp-content\/uploads\/CarRentalGallery\/thumb_Screenshot_20260111_131005_Chrome.jpg\"\r\n                         alt=\"Opel Crossland GS Diesel \"\/>\r\n                <\/a>\r\n\t\t\t        <\/div>\r\n        <div class=\"item-details-group col-xs-12 col-sm-8 col-md-5 col-lg-6\">\r\n            <div class=\"row item_list_titles\">\r\n                <div class=\"col-xs-12 no_padding\">\r\n\t\t\t\t\t                    <a href=\"https:\/\/www.caraveando.com\/vehiculos\/opel-crossland-gs-diesel\/\"\r\n                       title=\"Fahrzeugbeschreibung anzeigen\">\r\n\t\t\t\t\t\t                        <span class=\"item_list_title\">Opel<\/span>\r\n                        <span class=\"item_list_title\">Crossland GS Diesel<\/span>\r\n\t\t\t\t\t\t                    <\/a>\r\n\t\t\t\t                <\/div>\r\n            <\/div>\r\n            <div class=\"row no_padding item_details details\">\r\n\t\t\t\t                    <div class=\"col-xxs-12 col-xs-6 col-lg-4\">\r\n                        <i class=\"fas fa-car\"><\/i>\r\n                        <strong>\r\n\t\t\t\t\t\t\tKlasse:\r\n                        <\/strong> Coches Econ\u00f3micos                    <\/div>\r\n\t\t\t\t\t\t\t\t                    <div class=\"col-xxs-12 col-xs-6 col-lg-4\">\r\n                        <i class=\"fas fa-cogs\"><\/i>\r\n                        <strong>\r\n\t\t\t\t\t\t\tGetriebe:\r\n                        <\/strong> Manual                    <\/div>\r\n\t\t\t\t\t\t\t\t                    <div class=\"col-xxs-12 col-xs-6 col-lg-4\">\r\n                        <i class=\"fas fa-users\"><\/i>\r\n                        <strong>\r\n\t\t\t\t\t\t\tMax Passagiere:\r\n                        <\/strong> 5                    <\/div>\r\n\t\t\t\t\t\t\t\t                    <div class=\"col-xxs-12 col-xs-6 col-lg-4\">\r\n                        <i class=\"fas fa-gas-pump\"><\/i>\r\n                        <strong>\r\n\t\t\t\t\t\t\tKraftstoff:\r\n                        <\/strong> Diesel                    <\/div>\r\n\t\t\t\t\t\t\t\t                    <div class=\"col-xxs-12 col-xs-6 col-lg-4\">\r\n                        <i class=\"far fa-chart-bar\"><\/i>\r\n                        <strong>Kraftstoffverbrauch:<\/strong>\r\n                        <span class=\"item_consumption\">6.5\/100km economy<\/span>\r\n                    <\/div>\r\n\t\t\t\t\t                        <\/div>\r\n\t\t\t        <\/div>\r\n        <div class=\"item-pricing col-xs-12 col-md-offset-1 col-md-3 col-lg-2 no_padding\">\r\n            <div class=\"float_right item_list_price_container\">\r\n                <span class=\"item_list_price_text\">Tag Von<\/span>\r\n\t\t\t\t                    <span class=\"item_list_price\"\r\n                          title=\"50,00 EUR\">\r\n\t\t\t\t\t50 &euro;                        <\/span>\r\n\t\t\t\t            <\/div>\r\n            <div class=\"bottom-fixed\">\r\n                <div class=\"item_list_deposit_container\">\r\n                    <span class=\"item_list_deposit_title\">Kaution<\/span>\r\n                    <span class=\"item_list_deposit float_right\">600,00 EUR<\/span><br\/>\r\n\t\t\t\t\t                        <span class=\"item_list_mileage_title\">Kilometer inkl.<\/span>\r\n                        <span class=\"item_list_mileage float_right\">150 Km<\/span>\r\n\t\t\t\t\t                <\/div>\r\n                <div class=\"car-rental-buttons\">\r\n\t\t\t\t\t                        <a class=\"item_list_button\" href=\"https:\/\/www.caraveando.com\/vehiculos\/opel-crossland-gs-diesel\/\"\r\n                           title=\"Buchen\">\r\n                            <button>\r\n\t\t\t\t\t\t\t\tBuchen                            <\/button>\r\n                        <\/a>\r\n\t\t\t\t\t                <\/div>\r\n            <\/div>\r\n        <\/div>\r\n    <\/div>\r\n<\/div><div class=\"row px-4 single-car-list item_id_49\"\r\n     data-item_passengers=\"5\"\r\n     data-fuel_type=\"2\"\r\n     data-transmission_type=\"1\"\r\n     data-manufacturer=\"11\"\r\n     data-body_type=\"14\">\r\n    <div class=\"col-xs-12 box_shadow block_full row-eq-height bra-1\">\r\n        <div class=\"item-image col-xs-12 col-sm-4 col-md-3\">\r\n\t\t\t                <a class=\"fancybox\" href=\"https:\/\/www.caraveando.com\/wp-content\/uploads\/CarRentalGallery\/alquiler_peugeot_208.jpg\"\r\n                   title=\"Peugeot 208 Active BlueHDI \">\r\n                    <img decoding=\"async\" class=\"item_list\" src=\"https:\/\/www.caraveando.com\/wp-content\/uploads\/CarRentalGallery\/thumb_alquiler_peugeot_208.jpg\"\r\n                         alt=\"Peugeot 208 Active BlueHDI \"\/>\r\n                <\/a>\r\n\t\t\t        <\/div>\r\n        <div class=\"item-details-group col-xs-12 col-sm-8 col-md-5 col-lg-6\">\r\n            <div class=\"row item_list_titles\">\r\n                <div class=\"col-xs-12 no_padding\">\r\n\t\t\t\t\t                    <a href=\"https:\/\/www.caraveando.com\/vehiculos\/peugeot-208-avtive-bluehdi\/\"\r\n                       title=\"Fahrzeugbeschreibung anzeigen\">\r\n\t\t\t\t\t\t                        <span class=\"item_list_title\">Peugeot<\/span>\r\n                        <span class=\"item_list_title\">208 Active BlueHDI<\/span>\r\n\t\t\t\t\t\t                    <\/a>\r\n\t\t\t\t                <\/div>\r\n            <\/div>\r\n            <div class=\"row no_padding item_details details\">\r\n\t\t\t\t                    <div class=\"col-xxs-12 col-xs-6 col-lg-4\">\r\n                        <i class=\"fas fa-car\"><\/i>\r\n                        <strong>\r\n\t\t\t\t\t\t\tKlasse:\r\n                        <\/strong> Coches Econ\u00f3micos                    <\/div>\r\n\t\t\t\t\t\t\t\t                    <div class=\"col-xxs-12 col-xs-6 col-lg-4\">\r\n                        <i class=\"fas fa-cogs\"><\/i>\r\n                        <strong>\r\n\t\t\t\t\t\t\tGetriebe:\r\n                        <\/strong> Manual                    <\/div>\r\n\t\t\t\t\t\t\t\t                    <div class=\"col-xxs-12 col-xs-6 col-lg-4\">\r\n                        <i class=\"fas fa-users\"><\/i>\r\n                        <strong>\r\n\t\t\t\t\t\t\tMax Passagiere:\r\n                        <\/strong> 5                    <\/div>\r\n\t\t\t\t\t\t\t\t                    <div class=\"col-xxs-12 col-xs-6 col-lg-4\">\r\n                        <i class=\"fas fa-gas-pump\"><\/i>\r\n                        <strong>\r\n\t\t\t\t\t\t\tKraftstoff:\r\n                        <\/strong> Diesel                    <\/div>\r\n\t\t\t\t\t\t\t\t                    <div class=\"col-xxs-12 col-xs-6 col-lg-4\">\r\n                        <i class=\"far fa-chart-bar\"><\/i>\r\n                        <strong>Kraftstoffverbrauch:<\/strong>\r\n                        <span class=\"item_consumption\">4.6 I\/ 100Km<\/span>\r\n                    <\/div>\r\n\t\t\t\t\t                        <\/div>\r\n\t\t\t                <div class=\"row\">\r\n                    <div id=\"features-49\"\r\n                         class=\"col-xs-12 no_padding item_details features\">\r\n                        <span class=\"item-features-title\">Eigenschaften<\/span>\r\n\t\t\t\t\t\t<div class=\"more-action col-xxs-12 col-xs-6 col-lg-4 soft-hide-more-grid\"><a class=\"primary_color more-features\" onclick=\"showHideFeatures('grid', 49)\"><i class=\"fas fa-plus\"><\/i>7 Mostrar todos<\/a><\/div><div class=\"single-feature col-xxs-12 col-xs-6 col-lg-4 soft-hide-grid\"><i class=\"fas fa-check\"><\/i>ABS<\/div><div class=\"single-feature col-xxs-12 col-xs-6 col-lg-4 soft-hide-grid\"><i class=\"fas fa-check\"><\/i>Ad Blue<\/div><div class=\"single-feature col-xxs-12 col-xs-6 col-lg-4 soft-hide-grid\"><i class=\"fas fa-check\"><\/i>Airbags<\/div><div class=\"single-feature col-xxs-12 col-xs-6 col-lg-4 soft-hide-grid\"><i class=\"fas fa-check\"><\/i>Conexi\u00f3n Bluetooth<\/div><div class=\"single-feature col-xxs-12 col-xs-6 col-lg-4 soft-hide-grid\"><i class=\"fas fa-check\"><\/i>Conexiones USB<\/div><div class=\"more-action col-xxs-12 col-xs-6 col-lg-4 soft-hide-more-list\"><a class=\"primary_color more-features\" onclick=\"showHideFeatures('list', 49)\"><i class=\"fas fa-plus\"><\/i>2 M\u00e1s<\/a><\/div>\t\t\t\t\t\t\t\t\t\t\t\t\t<div class=\"single-feature col-xxs-12 col-xs-6 col-lg-4 soft-hide-grid soft-hide-list\"><i class=\"fas fa-check\"><\/i>Filtro Anti poluci\u00f3n y Antipolen<\/div><div class=\"single-feature col-xxs-12 col-xs-6 col-lg-4 soft-hide-grid soft-hide-list\"><i class=\"fas fa-check\"><\/i>Ordenador de viaje<\/div>\t\t\t\t\t\t                    <\/div>\r\n                <\/div>\r\n\t\t\t        <\/div>\r\n        <div class=\"item-pricing col-xs-12 col-md-offset-1 col-md-3 col-lg-2 no_padding\">\r\n            <div class=\"float_right item_list_price_container\">\r\n                <span class=\"item_list_price_text\">Tag Von<\/span>\r\n\t\t\t\t                    <span class=\"item_list_price\"\r\n                          title=\"54,99 EUR\">\r\n\t\t\t\t\t55 &euro;                        <\/span>\r\n\t\t\t\t            <\/div>\r\n            <div class=\"bottom-fixed\">\r\n                <div class=\"item_list_deposit_container\">\r\n                    <span class=\"item_list_deposit_title\">Kaution<\/span>\r\n                    <span class=\"item_list_deposit float_right\">600,00 EUR<\/span><br\/>\r\n\t\t\t\t\t                        <span class=\"item_list_mileage_title\">Kilometer inkl.<\/span>\r\n                        <span class=\"item_list_mileage float_right\">100 Km<\/span>\r\n\t\t\t\t\t                <\/div>\r\n                <div class=\"car-rental-buttons\">\r\n\t\t\t\t\t                        <a class=\"item_list_button\" href=\"https:\/\/www.caraveando.com\/vehiculos\/peugeot-208-avtive-bluehdi\/\"\r\n                           title=\"Buchen\">\r\n                            <button>\r\n\t\t\t\t\t\t\t\tBuchen                            <\/button>\r\n                        <\/a>\r\n\t\t\t\t\t                <\/div>\r\n            <\/div>\r\n        <\/div>\r\n    <\/div>\r\n<\/div><\/div><div class=\"no-results-msg\"><\/div>\t<\/div>\r\n\t<script type=\"text\/javascript\">\r\n        jQuery(document).ready(function () {\r\n            jQuery('.fancybox').fancybox();\r\n\t\t\t        });\r\n\t<\/script>\r\n[\/vc_column_text][\/vc_column_inner][\/vc_row_inner][\/vc_column][\/vc_row][vc_row full_width=&#8220;stretch_row_content&#8220; css=&#8220;.vc_custom_1642083221390{margin-top: 0px !important;padding-top: 2vh !important;padding-right: 0px !important;padding-bottom: 5vh !important;}&#8220; el_class=&#8220;padding-mob&#8220;][vc_column width=&#8220;1\/12&#8243;][\/vc_column][vc_column width=&#8220;1\/2&#8243;][vc_column_text]<\/p>\n<h2>Wir haben mehrere Modelle in unserem g\u00fcnstigen Mietwagenservice in Barcelona. Jeder mit einzigartigen Eigenschaften. W\u00e4hlen Sie diejenige, die Ihren Bed\u00fcrfnissen am besten entspricht.<\/h2>\n<p>[\/vc_column_text][\/vc_column][vc_column width=&#8220;5\/12&#8243;][vc_single_image image=&#8220;2541&#8243; img_size=&#8220;full&#8220; alignment=&#8220;right&#8220;][\/vc_column][\/vc_row][vc_row full_width=&#8220;stretch_row_content&#8220; css=&#8220;.vc_custom_1639833178758{margin-top: 0px !important;padding-top: 5vh !important;padding-bottom: 5vh !important;background-color: #ffaf7a !important;}&#8220; el_class=&#8220;padding-mob&#8220;][vc_column css=&#8220;.vc_custom_1639764725506{border-radius: 35px !important;}&#8220;][vc_row_inner rtl_reverse=&#8220;yes&#8220; content_placement=&#8220;middle&#8220; el_class=&#8220;padding-doble-version&#8220; el_id=&#8220;interior-photos&#8220;][vc_column_inner width=&#8220;1\/2&#8243; css=&#8220;.vc_custom_1639842547113{padding-bottom: 20px !important;background-color: #ffffff !important;border-radius: 35px !important;}&#8220;][vc_column_text css_animation=&#8220;fadeInRight&#8220; el_class=&#8220;description-left resp-text2&#8243;]<\/p>\n<h2>Ford Kuga<\/h2>\n<h3><em>Ein Minivan im Look eines SUV.<\/em><\/h3>\n<p>Sicher. Gro\u00df. Polyvalent.<\/p>\n<p>Es verf\u00fcgt \u00fcber eine gro\u00dfartige Ausr\u00fcstung, die Ihnen hilft, Unf\u00e4lle zu vermeiden und nicht die Kontrolle zu verlieren. Unter anderem Toter-Winkel-Informationssystem, Notbremsassistent und Traktionskontrollsystem.<\/p>\n<p>Dazu jede Menge Beinfreiheit, eine beachtliche Innenh\u00f6he und 475 Liter Kofferraum. Als ob das nicht genug w\u00e4re, klappbare R\u00fccksitze. Dies erm\u00f6glicht es, die Kapazit\u00e4t des Kofferraums zu erh\u00f6hen oder mehr Platz f\u00fcr die Passagiere bereitzustellen.<\/p>\n<p>Es zeichnet sich auch durch seine gute Stra\u00dfenlage aus. Und f\u00fcr eine Ausstattung, die das Fahren in der Stadt erleichtert. Zum Beispiel Berganfahrassistent und Parkr\u00fcckfahrassistent.<\/p>\n<p>Wenn Sie nach einem sicheren und ger\u00e4umigen Auto f\u00fcr die Reise mit der Familie suchen, ist dies Ihr SUV.[\/vc_column_text][\/vc_column_inner][vc_column_inner el_class=&#8220;photo-right&#8220; width=&#8220;1\/2&#8243;][vc_single_image image=&#8220;1970&#8243; img_size=&#8220;full&#8220; alignment=&#8220;center&#8220; style=&#8220;vc_box_border_circle&#8220; border_color=&#8220;white&#8220; onclick=&#8220;link_image&#8220; css=&#8220;.vc_custom_1642610373624{border-radius: 35px !important;}&#8220; el_class=&#8220;img-settings&#8220;][vc_btn title=&#8220;Buchen Sie jetzt Ihren Kuga&#8220; style=&#8220;outline-custom&#8220; outline_custom_color=&#8220;#ffffff&#8220; outline_custom_hover_background=&#8220;#333330&#8243; outline_custom_hover_text=&#8220;#ffffff&#8220; shape=&#8220;round&#8220; size=&#8220;lg&#8220; align=&#8220;center&#8220; css_animation=&#8220;bounceIn&#8220; button_block=&#8220;true&#8220; link=&#8220;url:https%3A%2F%2Fwww.caraveando.com%2Fen%2Fvehiculos%2Fford-kuga%2F|&#8220; css=&#8220;.vc_custom_1647593238878{background-color: #ef6715 !important;border-radius: 35px !important;}&#8220;][\/vc_column_inner][\/vc_row_inner][vc_empty_space height=&#8220;50px&#8220;][vc_row_inner content_placement=&#8220;middle&#8220; el_class=&#8220;padding-doble-version&#8220;][vc_column_inner el_class=&#8220;photo-left over&#8220; width=&#8220;1\/2&#8243;][vc_single_image image=&#8220;3676&#8243; img_size=&#8220;full&#8220; alignment=&#8220;center&#8220; style=&#8220;vc_box_border_circle&#8220; border_color=&#8220;white&#8220; onclick=&#8220;link_image&#8220; css=&#8220;.vc_custom_1648567853186{border-radius: 35px !important;}&#8220; el_class=&#8220;img-settings&#8220;][vc_btn title=&#8220;Reservieren Sie jetzt Ihren E320&#8243; style=&#8220;outline-custom&#8220; outline_custom_color=&#8220;#ffffff&#8220; outline_custom_hover_background=&#8220;#333330&#8243; outline_custom_hover_text=&#8220;#ffffff&#8220; shape=&#8220;round&#8220; size=&#8220;lg&#8220; align=&#8220;center&#8220; css_animation=&#8220;bounceIn&#8220; button_block=&#8220;true&#8220; link=&#8220;url:https%3A%2F%2Fwww.caraveando.com%2Fen%2Fvehiculos%2Fmercedes-benz-e320-cdi%2F|&#8220; css=&#8220;.vc_custom_1648587572236{background-color: #ef6715 !important;border-radius: 35px !important;}&#8220;][\/vc_column_inner][vc_column_inner el_class=&#8220;down&#8220; width=&#8220;1\/2&#8243; css=&#8220;.vc_custom_1639842648127{padding-bottom: 20px !important;background-color: #ffffff !important;border-radius: 35px !important;}&#8220;][vc_column_text css_animation=&#8220;fadeInLeft&#8220; el_class=&#8220;description-right resp-text2&#8243;]<\/p>\n<h2>Mercedes Klasse E320 Kombi<\/h2>\n<h3><strong><em><span style=\"font-size: 20px;\">Ein Familienauto zum Preis eines Stadtautos<\/span><\/em><\/strong><\/h3>\n<p>Ben\u00f6tigen Sie ein ger\u00e4umiges, komfortables, zuverl\u00e4ssiges und sparsames Auto?<\/p>\n<p>Mit diesem legend\u00e4ren Modell der E320-Klasse bot Mercedes Luxus zusammen mit dem gr\u00f6\u00dften Kofferraum auf dem Markt.<\/p>\n<p>Ausgestattet mit einem V6-Dieselmotor mit bis zu 204 PS, einem klassischen und luxuri\u00f6sen Fahrzeuginnenraum, welcher typisch f\u00fcr Mercedes ist, ist der E320 Avantgarde ein schnelles und angenehm zu fahrendes Auto mit einer beeindruckenden Ladekapazit\u00e4t.<\/p>\n<p>Das Automatikgetriebe und die selbsteinstellende Hinterradaufh\u00e4ngung garantieren ein unschlagbares Ma\u00df an Sicherheit und Leistung.<\/p>\n<p>Nur bei Caraveando k\u00f6nnen Sie ein g\u00fcnstiges Auto mit diesen Eigenschaften mieten.<\/p>\n<p>Alles in allem ist der E320 Avantgarde ein tolles Familienauto.<\/p>\n<p>[\/vc_column_text][\/vc_column_inner][\/vc_row_inner][vc_empty_space height=&#8220;50px&#8220;][vc_row_inner rtl_reverse=&#8220;yes&#8220; content_placement=&#8220;middle&#8220; el_class=&#8220;padding-doble-version&#8220; el_id=&#8220;interior-photos&#8220;][vc_column_inner width=&#8220;1\/2&#8243; css=&#8220;.vc_custom_1639842547113{padding-bottom: 20px !important;background-color: #ffffff !important;border-radius: 35px !important;}&#8220;][vc_column_text css_animation=&#8220;fadeInRight&#8220; el_class=&#8220;description-left resp-text2&#8243;]<\/p>\n<h2>Volkswagen Golf<\/h2>\n<h3><em>Universell und unverwechselbar.<\/em><\/h3>\n<p>Mit dem Golf hat Volkswagen Rekorde gebrochen und ist zur Legende geworden.<\/p>\n<p>Es ist ein einfaches und komfortables Auto mit einem unverwechselbaren und eleganten Design.<\/p>\n<p>Das Beste an unserem Golf ist ohne Zweifel sein Preis-Komfort-Verh\u00e4ltnis.<br \/>\nSie erhalten ein Auto, das genug Platz f\u00fcr eine f\u00fcnfk\u00f6pfige Familie bietet, die einen Mietwagen sucht.<\/p>\n<p>Aber sein kompaktes Format macht es perfekt, um sich durch die Stra\u00dfen von Barcelona zu bewegen.<\/p>\n<p>Der Golf wird immer das richtige Auto f\u00fcr jeden und f\u00fcr jede Gelegenheit sein.[\/vc_column_text][\/vc_column_inner][vc_column_inner el_class=&#8220;photo-right&#8220; width=&#8220;1\/2&#8243;][vc_single_image image=&#8220;3719&#8243; img_size=&#8220;full&#8220; alignment=&#8220;center&#8220; style=&#8220;vc_box_border_circle&#8220; border_color=&#8220;white&#8220; onclick=&#8220;link_image&#8220; css=&#8220;.vc_custom_1651136942399{border-radius: 35px !important;}&#8220; el_class=&#8220;img-settings&#8220;][vc_btn title=&#8220;Buchen Sie jetzt Ihren Golf VI&#8220; style=&#8220;outline-custom&#8220; outline_custom_color=&#8220;#ffffff&#8220; outline_custom_hover_background=&#8220;#333330&#8243; outline_custom_hover_text=&#8220;#ffffff&#8220; shape=&#8220;round&#8220; size=&#8220;lg&#8220; align=&#8220;center&#8220; css_animation=&#8220;bounceIn&#8220; button_block=&#8220;true&#8220; link=&#8220;url:https%3A%2F%2Fwww.caraveando.com%2Fvehiculos%2Fvolkswagen-golf-6%2F|&#8220; css=&#8220;.vc_custom_1651136981312{background-color: #ef6715 !important;border-radius: 35px !important;}&#8220;][\/vc_column_inner][\/vc_row_inner][vc_empty_space height=&#8220;50px&#8220;][vc_row_inner content_placement=&#8220;middle&#8220; disable_element=&#8220;yes&#8220; el_class=&#8220;padding-doble-version&#8220;][vc_column_inner el_class=&#8220;photo-left over&#8220; width=&#8220;1\/2&#8243;][vc_single_image image=&#8220;1972&#8243; img_size=&#8220;full&#8220; alignment=&#8220;center&#8220; style=&#8220;vc_box_border_circle&#8220; border_color=&#8220;white&#8220; onclick=&#8220;link_image&#8220; css=&#8220;.vc_custom_1642611061185{border-radius: 35px !important;}&#8220; el_class=&#8220;img-settings&#8220;][mvc_advanced_button align=&#8220;center&#8220; btn_animation=&#8220;button&#8211;rayen&#8220; btn_text=&#8220;Reserva tu Leon ahora&#8220; btn_text2=&#8220;Go!&#8220; padding_left=&#8220;20&#8243; btn_block=&#8220;btn_block&#8220; border_style=&#8220;solid&#8220; border_width=&#8220;2&#8243; btn_size=&#8220;16&#8243; btn_shadow=&#8220;shadow&#8220; google_fonts=&#8220;font_family:Montserrat%3Aregular%2C700|font_style:700%20bold%20regular%3A700%3Anormal&#8220; btn_url=&#8220;url:%2Fvehiculos%2Fseat-leon%2F|title:Reservar%20en%20Caraveando%20es%20f%C3%A1cil&#8220; btn_clr=&#8220;#ffffff&#8220; btn_bg=&#8220;#ef6715&#8243; btn_hvrclr=&#8220;#ffffff&#8220; btn_hvrbg=&#8220;#63d0ff&#8220; btn_border=&#8220;#ffffff&#8220; btn_radius=&#8220;15&#8243;][\/vc_column_inner][vc_column_inner el_class=&#8220;down&#8220; width=&#8220;1\/2&#8243; css=&#8220;.vc_custom_1639842648127{padding-bottom: 20px !important;background-color: #ffffff !important;border-radius: 35px !important;}&#8220;][vc_column_text css_animation=&#8220;fadeInLeft&#8220; el_class=&#8220;description-right resp-text2&#8243;]<\/p>\n<h2>Seat Leon<\/h2>\n<h3><em>Ein VW Golf im Wesentlichen.<\/em><\/h3>\n<p>Dynamisch. Gem\u00fctlich. Sicher.<\/p>\n<p>Klein, damit Sie sich agil durch die Stadt bewegen k\u00f6nnen, und gro\u00df genug, um auf der Stra\u00dfe zu fahren.<\/p>\n<p>Mit sportlichem Geist, aber mit sanftem Charakter, das hei\u00dft, einfach zu fahren.<br \/>\nUnd schon beim Hinsetzen werden Sie sich wohl f\u00fchlen, denn es hat Platz und bequeme Sitze.<\/p>\n<p>Au\u00dferdem ist er mit zahlreichen Fahrhilfen ausgestattet, die Stabilit\u00e4t und Pr\u00e4zision garantieren. Anpassbarer Tempomat, Ausstiegsalarm, Seitenassistent, Ausparkassistent, Schildererkennung usw.<\/p>\n<p>Und ein Kofferraum von 380 Litern.<\/p>\n<p>Kurz gesagt, Sie werden es genie\u00dfen, ihn zu fahren. Es ist aus gutem Grund das meistverkaufte Auto in Spanien.<\/p>\n<p>Es ist eine gute g\u00fcnstige Autovermietungsoption in Barcelona, wenn Sie Komfort und agiles Fahren suchen.[\/vc_column_text][\/vc_column_inner][\/vc_row_inner][\/vc_column][\/vc_row][vc_row full_width=&#8220;stretch_row_content_no_spaces&#8220; full_height=&#8220;yes&#8220; css=&#8220;.vc_custom_1642112915673{margin-top: 0px !important;padding-top: 2vh !important;padding-bottom: 2vh !important;}&#8220; el_class=&#8220;padding-mob&#8220;][vc_column css=&#8220;.vc_custom_1639873979356{border-radius: 35px !important;}&#8220;][vc_row_inner][vc_column_inner width=&#8220;1\/6&#8243;][\/vc_column_inner][vc_column_inner width=&#8220;2\/3&#8243;][vc_column_text]<\/p>\n<h2 style=\"text-align: center;\"><b>Stellen Sie sich vor, wie es w\u00e4re, unseren g\u00fcnstigen Mietwagenservice in Barcelona zu haben.<\/b><\/h2>\n<p>[\/vc_column_text][\/vc_column_inner][vc_column_inner width=&#8220;1\/6&#8243;][\/vc_column_inner][\/vc_row_inner][vc_row_inner equal_height=&#8220;yes&#8220; gap=&#8220;35&#8243; css=&#8220;.vc_custom_1639010483910{padding-right: 40px !important;padding-left: 40px !important;}&#8220;][vc_column_inner width=&#8220;1\/3&#8243; css=&#8220;.vc_custom_1639011722025{padding-right: 30px !important;padding-left: 30px !important;background-color: #ffd9c6 !important;border-radius: 35px !important;}&#8220;][vc_column_text css_animation=&#8220;bounceInLeft&#8220;]<\/p>\n<h2 style=\"text-align: center;\">Sie sparen Geld<\/h2>\n<p style=\"text-align: center;\">Ohne aufzuzweisen, dass Sie ein weniger zuverl\u00e4ssiges Fahrzeug oder einen weniger korrekten Service haben.<\/p>\n<p>[\/vc_column_text][\/vc_column_inner][vc_column_inner width=&#8220;1\/3&#8243; css=&#8220;.vc_custom_1639011102496{padding-right: 30px !important;padding-left: 30px !important;background-color: #ffd9c6 !important;border-radius: 35px !important;}&#8220;][vc_column_text css_animation=&#8220;bounceInUp&#8220;]<\/p>\n<h2 style=\"text-align: center;\">Sie genie\u00dfen mehr Platz<\/h2>\n<p style=\"text-align: center;\">Im Innenraum und f\u00fcr ihr Gep\u00e4ck. So f\u00fchlen sich alle wohl.<\/p>\n<p>[\/vc_column_text][\/vc_column_inner][vc_column_inner width=&#8220;1\/3&#8243; css=&#8220;.vc_custom_1639011116477{padding-right: 30px !important;padding-left: 30px !important;background-color: #ffd9c6 !important;border-radius: 35px !important;}&#8220;][vc_column_text css_animation=&#8220;bounceInRight&#8220;]<\/p>\n<h2 style=\"text-align: center;\">Sie reisen sicher<\/h2>\n<p style=\"text-align: center;\">Mit einem Fahrzeug, das mit einer Fahrhilfe ausgestattet ist.<\/p>\n<p>[\/vc_column_text][\/vc_column_inner][\/vc_row_inner][vc_row_inner css=&#8220;.vc_custom_1642112966302{padding-top: 5vh !important;}&#8220;][vc_column_inner width=&#8220;1\/6&#8243;][\/vc_column_inner][vc_column_inner width=&#8220;2\/3&#8243;][vc_column_text css_animation=&#8220;none&#8220;]<\/p>\n<h2 style=\"font-size: 20px; text-align: center;\">Kurz gesagt: Ihre Ferien, Kurzurlaube oder Reisen werden mit unserem <strong>g\u00fcnstigen Mietwagenservice in Barcelona<\/strong> angenehmer.<\/h2>\n<p>[\/vc_column_text][\/vc_column_inner][vc_column_inner width=&#8220;1\/6&#8243;][\/vc_column_inner][\/vc_row_inner][\/vc_column][\/vc_row][vc_row full_width=&#8220;stretch_row_content_no_spaces&#8220; gap=&#8220;35&#8243; full_height=&#8220;yes&#8220; content_placement=&#8220;middle&#8220; parallax=&#8220;content-moving&#8220; parallax_speed_bg=&#8220;1.6&#8243; el_class=&#8220;padding-mob cabecera&#8220; css=&#8220;.vc_custom_1642081458254{background-image: url(https:\/\/www.caraveando.es\/wp-content\/uploads\/alquiler-coche-baratos-barcelona-mujer-feliz.jpg?id=2544) !important;}&#8220;][vc_column width=&#8220;1\/12&#8243;][\/vc_column][vc_column width=&#8220;1\/2&#8243; css=&#8220;.vc_custom_1639757099218{padding-top: 40px !important;padding-right: 40px !important;padding-bottom: 40px !important;padding-left: 40px !important;background-color: rgba(255,255,255,0.7) !important;*background-color: rgb(255,255,255) !important;border-radius: 35px !important;}&#8220;][vc_column_text css_animation=&#8220;none&#8220; el_class=&#8220;resp-text2&#8243;]<\/p>\n<h2 style=\"text-align: left;\">Was unterscheidet uns von anderen g\u00fcnstigen Autovermietungen in Barcelona?<\/h2>\n<p>Caraveando wurde von einem Mechaniker polnischer Nationalit\u00e4t und deutscher Adoption gegr\u00fcndet. Er wollte zuverl\u00e4ssige Fahrzeuge anbieten, die Spa\u00df machen.<br \/>\nDeshalb bleibt das Unternehmen klein und die Fahrzeugauswahl reduziert. Um sicherzustellen, dass sich sowohl um unsere Kunden als auch um unsere Autos gek\u00fcmmert wird.<\/p>\n<p>Wir m\u00f6chten, dass Sie mit <strong>Ihrer<\/strong> Autovermietung zufrieden sind.[\/vc_column_text][\/vc_column][vc_column width=&#8220;5\/12&#8243;][\/vc_column][\/vc_row][vc_row full_width=&#8220;stretch_row_content_no_spaces&#8220; css=&#8220;.vc_custom_1642113023233{margin-top: 0px !important;padding-top: 2vh !important;padding-bottom: 10vh !important;}&#8220; el_class=&#8220;padding-mob&#8220;][vc_column css=&#8220;.vc_custom_1639873979356{border-radius: 35px !important;}&#8220;][vc_row_inner][vc_column_inner width=&#8220;1\/6&#8243;][\/vc_column_inner][vc_column_inner width=&#8220;2\/3&#8243;][vc_column_text]<\/p>\n<h2 style=\"text-align: center;\">Wie ist unserer Service von <strong>g\u00fcnstiger Mietwagenservice in Barcelona<\/strong> ?<\/h2>\n<p>[\/vc_column_text][\/vc_column_inner][vc_column_inner width=&#8220;1\/6&#8243;][\/vc_column_inner][\/vc_row_inner][vc_row_inner equal_height=&#8220;yes&#8220; gap=&#8220;35&#8243; css=&#8220;.vc_custom_1639010483910{padding-right: 40px !important;padding-left: 40px !important;}&#8220;][vc_column_inner width=&#8220;1\/3&#8243; css=&#8220;.vc_custom_1639011722025{padding-right: 30px !important;padding-left: 30px !important;background-color: #ffd9c6 !important;border-radius: 35px !important;}&#8220;][vc_column_text css_animation=&#8220;none&#8220;]<\/p>\n<h2 style=\"text-align: center;\">100 % digital<\/h2>\n<p style=\"text-align: center;\"><strong>Keine Papiere<\/strong> .<br \/>\nLaden Sie Ihre Unterlagen hoch, wenn Sie buchen. So pr\u00fcfen wir bei der Abholung die Originale.<\/p>\n<p style=\"text-align: center;\"><strong>Mit Fotos des Autos und des Kraftstofftanks<\/strong> .<br \/>\nDas f\u00fcgen wir dem Aus- und Einreisedokument des Fahrzeugs bei.<\/p>\n<p style=\"font-size: 22px; text-align: center;\"><strong>Du gewinnst Zeit<\/strong> .<\/p>\n<p>[\/vc_column_text][\/vc_column_inner][vc_column_inner width=&#8220;1\/3&#8243; css=&#8220;.vc_custom_1639011102496{padding-right: 30px !important;padding-left: 30px !important;background-color: #ffd9c6 !important;border-radius: 35px !important;}&#8220;][vc_column_text css_animation=&#8220;bounceInUp&#8220;]<\/p>\n<h2 style=\"text-align: center;\">Gem\u00fctlich<\/h2>\n<p style=\"text-align: center;\"><strong>24\/7 Kundenservice.<\/strong><br \/>\nUm jedes Problem zu l\u00f6sen, das Sie w\u00e4hrend der Autovermietung haben k\u00f6nnten.<\/p>\n<p style=\"text-align: center;\"><strong>Kostenlose Lieferung am Flughafen.<\/strong><br \/>\nRufen Sie uns an, sobald Sie gelandet sind, und wir sehen Sie in weniger als 15 Minuten am vereinbarten Ort.<\/p>\n<p style=\"font-size: 22px; text-align: center;\"><strong>Gelassenheit<\/strong><\/p>\n<p>[\/vc_column_text][\/vc_column_inner][vc_column_inner width=&#8220;1\/3&#8243; css=&#8220;.vc_custom_1639011116477{padding-right: 30px !important;padding-left: 30px !important;background-color: #ffd9c6 !important;border-radius: 35px !important;}&#8220;][vc_column_text css_animation=&#8220;bounceInRight&#8220;]<\/p>\n<h2 style=\"text-align: center;\">zuverl\u00e4ssig<\/h2>\n<p style=\"text-align: center;\"><strong>Kein Kleingedrucktes.<\/strong><br \/>\nWir erkl\u00e4ren den Preis im Detail, damit Sie Schritt f\u00fcr Schritt wissen, wie viel Sie bezahlen werden.<\/p>\n<p style=\"text-align: center;\"><strong>Autos in optimalen Bedingungen.<\/strong><br \/>\nDie Fahrzeuge werden nach jeder Anmietung regelm\u00e4\u00dfig \u00fcberpr\u00fcft und mit Ozon desinfiziert.<\/p>\n<p style=\"font-size: 22px; text-align: center;\"><strong>Sie vermeiden \u00dcberraschungen.<\/strong><\/p>\n<p>[\/vc_column_text][\/vc_column_inner][\/vc_row_inner][vc_row_inner css=&#8220;.vc_custom_1642113067175{padding-top: 5vh !important;}&#8220;][vc_column_inner width=&#8220;1\/6&#8243;][\/vc_column_inner][vc_column_inner width=&#8220;2\/3&#8243;][vc_column_text css_animation=&#8220;none&#8220;]<\/p>\n<h2 style=\"font-size: 20px; text-align: center;\">Mit unserer g\u00fcnstigen Autovermietung in Barcelona sparen Sie Stress, Zeit und Geld.<\/h2>\n<p>[\/vc_column_text][\/vc_column_inner][vc_column_inner width=&#8220;1\/6&#8243;][\/vc_column_inner][\/vc_row_inner][\/vc_column][\/vc_row][vc_row full_width=&#8220;stretch_row_content&#8220; css=&#8220;.vc_custom_1640002567424{margin-top: 0px !important;padding-top: 5vh !important;padding-bottom: 5vh !important;background-color: #fffffF !important;}&#8220; el_class=&#8220;padding-mob&#8220;][vc_column css=&#8220;.vc_custom_1640001237284{border-radius: 35px !important;}&#8220;][vc_row_inner][vc_column_inner width=&#8220;1\/6&#8243;][\/vc_column_inner][vc_column_inner width=&#8220;2\/3&#8243;][vc_column_text]<\/p>\n<h2 style=\"text-align: center;\">Was halten Kunden von unserer g\u00fcnstigen Autovermietung in Barcelona?<\/h2>\n<p>[\/vc_column_text][\/vc_column_inner][vc_column_inner width=&#8220;1\/6&#8243;][\/vc_column_inner][\/vc_row_inner][vc_row_inner gap=&#8220;35&#8243; el_class=&#8220;padding-doble-version&#8220;][vc_column_inner width=&#8220;1\/3&#8243;][vc_column_text]<span style=\"color: #ef6917;\"><strong>Thomas<\/strong><\/span><\/p>\n<p><img decoding=\"async\" class=\"alignnone wp-image-3171\" src=\"https:\/\/www.caraveando.es\/wp-content\/uploads\/cinco-estrellas.png\" alt=\"\" width=\"100\" height=\"18\" srcset=\"https:\/\/www.caraveando.com\/wp-content\/uploads\/cinco-estrellas.png 291w, https:\/\/www.caraveando.com\/wp-content\/uploads\/cinco-estrellas-150x26.png 150w\" sizes=\"(max-width: 100px) 100vw, 100px\" \/><\/p>\n<hr>\n<p><em><img decoding=\"async\" class=\"size-full wp-image-3177 alignleft\" src=\"https:\/\/www.caraveando.es\/wp-content\/uploads\/citar.png\" alt=\"\" width=\"40\" height=\"33\">Ich habe seit drei Jahren bei Caraveando gemietet. Sie sind die billigsten, zuverl\u00e4ssigsten und sorgen immer daf\u00fcr, dass ich das Auto, das ich will, in perfektem Zustand habe. Au\u00dferdem sind sie sehr freundlich.<\/em>[\/vc_column_text][\/vc_column_inner][vc_column_inner width=&#8220;1\/3&#8243;][vc_column_text]<span style=\"color: #ef6917;\"><strong>Miguel Angel<\/strong><\/span><\/p>\n<p><img decoding=\"async\" class=\"alignnone wp-image-3171\" src=\"https:\/\/www.caraveando.es\/wp-content\/uploads\/cinco-estrellas.png\" alt=\"\" width=\"100\" height=\"18\" srcset=\"https:\/\/www.caraveando.com\/wp-content\/uploads\/cinco-estrellas.png 291w, https:\/\/www.caraveando.com\/wp-content\/uploads\/cinco-estrellas-150x26.png 150w\" sizes=\"(max-width: 100px) 100vw, 100px\" \/><\/p>\n<hr>\n<p><em><img decoding=\"async\" class=\"size-full wp-image-3177 alignleft\" src=\"https:\/\/www.caraveando.es\/wp-content\/uploads\/citar.png\" alt=\"\" width=\"40\" height=\"33\">Ich entscheide mich immer f\u00fcr Caraveando, obwohl sie 70 km entfernt sind, weil sie sehr gute Preise haben. Hervorheben m\u00f6chte ich die Freundlichkeit und P\u00fcnktlichkeit bei der Fahrzeug\u00fcbergabe. Sie haben mich immer sehr gut behandelt.<\/em>[\/vc_column_text][\/vc_column_inner][vc_column_inner width=&#8220;1\/3&#8243;][vc_column_text]<span style=\"color: #ef6917;\"><strong>David<\/strong><\/span><\/p>\n<p><img decoding=\"async\" class=\"alignnone wp-image-3171\" src=\"https:\/\/www.caraveando.es\/wp-content\/uploads\/cinco-estrellas.png\" alt=\"\" width=\"100\" height=\"18\" srcset=\"https:\/\/www.caraveando.com\/wp-content\/uploads\/cinco-estrellas.png 291w, https:\/\/www.caraveando.com\/wp-content\/uploads\/cinco-estrellas-150x26.png 150w\" sizes=\"(max-width: 100px) 100vw, 100px\" \/><\/p>\n<hr>\n<p><em><img decoding=\"async\" class=\"size-full wp-image-3177 alignleft\" src=\"https:\/\/www.caraveando.es\/wp-content\/uploads\/citar.png\" alt=\"\" width=\"40\" height=\"33\">Normalerweise miete ich Fahrzeuge bei Caraveando sowohl f\u00fcr den Urlaub als auch f\u00fcr den t\u00e4glichen Bedarf und sie behandeln mich immer sehr gut. Ihre Preise sind gut und sie dekontaminieren die Autos mit Ozon und liefern sie \u00fcberpr\u00fcft und sauber. Ich empfehle sie.<\/em>[\/vc_column_text][\/vc_column_inner][\/vc_row_inner][vc_empty_space][\/vc_column][\/vc_row][vc_row full_width=&#8220;stretch_row_content&#8220; css=&#8220;.vc_custom_1642113159597{margin-top: 0px !important;padding-top: 5vh !important;padding-bottom: 15vh !important;background-color: #ffaf7a !important;}&#8220; el_class=&#8220;padding-mob&#8220;][vc_column css=&#8220;.vc_custom_1640001237284{border-radius: 35px !important;}&#8220;][vc_row_inner][vc_column_inner width=&#8220;1\/4&#8243;][\/vc_column_inner][vc_column_inner width=&#8220;1\/2&#8243;][vc_column_text]<\/p>\n<h2 style=\"text-align: center;\">Sind Sie bereit, Ihren g\u00fcnstigen Mietwagen in Barcelona zu genie\u00dfen?<\/h2>\n<p>[\/vc_column_text][vc_btn title=&#8220;Reservieren Sie jetzt Ihr Auto&#8220; style=&#8220;outline-custom&#8220; outline_custom_color=&#8220;#ffffff&#8220; outline_custom_hover_background=&#8220;#333330&#8243; outline_custom_hover_text=&#8220;#ffffff&#8220; shape=&#8220;round&#8220; size=&#8220;lg&#8220; align=&#8220;center&#8220; css_animation=&#8220;bounceIn&#8220; button_block=&#8220;true&#8220; link=&#8220;url:https%3A%2F%2Fwww.caraveando.com%2Falquiler-coches-baratos-barcelona%2F%23coches|&#8220; css=&#8220;.vc_custom_1647592893701{background-color: #ef6715 !important;border-radius: 35px !important;}&#8220;][\/vc_column_inner][vc_column_inner width=&#8220;1\/4&#8243;][\/vc_column_inner][\/vc_row_inner][\/vc_column][\/vc_row]<\/p>\n<\/div>","protected":false},"excerpt":{"rendered":"<p>[vc_row full_width=&#8220;stretch_row_content_no_spaces&#8220; gap=&#8220;35&#8243; full_height=&#8220;yes&#8220; columns_placement=&#8220;top&#8220; content_placement=&#8220;top&#8220; el_class=&#8220;padding-mob cabecera&#8220; css=&#8220;.vc_custom_1642082846436{background-image: url(https:\/\/www.caraveando.es\/wp-content\/uploads\/coches-baratos-barcelona-2.jpg?id=3002) !important;background-position: center !important;background-repeat: no-repeat !important;background-size: cover !important;}&#8220;][vc_column width=&#8220;7\/12&#8243; css=&#8220;.vc_custom_1642066871166{border-radius: 35px !important;}&#8220;][\/vc_column][vc_column width=&#8220;5\/12&#8243;][vc_column_text css=&#8220;.vc_custom_1649843613100{padding-bottom: 30px !important;}&#8220; el_class=&#8220;texto-cabecera&#8220;] G\u00fcnstige Autovermietung in Barcelona Genie\u00dfen Sie eines unserer g\u00fcnstigen Mietwagenmodelle in Barcelona Das Auto, das Sie brauchen, zu einem Preis, den Sie m\u00f6gen [\/vc_column_text][\/vc_column][\/vc_row][vc_row full_width=&#8220;stretch_row_content_no_spaces&#8220; css=&#8220;.vc_custom_1639765123611{margin-top: 0px !important;padding-top: 2vh [&hellip;]<\/p>\n","protected":false},"author":23,"featured_media":4657,"parent":0,"menu_order":0,"comment_status":"closed","ping_status":"closed","template":"homepage.php","meta":{"footnotes":""},"class_list":["post-5050","page","type-page","status-publish","has-post-thumbnail","hentry"],"_links":{"self":[{"href":"https:\/\/www.caraveando.com\/de\/wp-json\/wp\/v2\/pages\/5050","targetHints":{"allow":["GET"]}}],"collection":[{"href":"https:\/\/www.caraveando.com\/de\/wp-json\/wp\/v2\/pages"}],"about":[{"href":"https:\/\/www.caraveando.com\/de\/wp-json\/wp\/v2\/types\/page"}],"author":[{"embeddable":true,"href":"https:\/\/www.caraveando.com\/de\/wp-json\/wp\/v2\/users\/23"}],"replies":[{"embeddable":true,"href":"https:\/\/www.caraveando.com\/de\/wp-json\/wp\/v2\/comments?post=5050"}],"version-history":[{"count":2,"href":"https:\/\/www.caraveando.com\/de\/wp-json\/wp\/v2\/pages\/5050\/revisions"}],"predecessor-version":[{"id":13284,"href":"https:\/\/www.caraveando.com\/de\/wp-json\/wp\/v2\/pages\/5050\/revisions\/13284"}],"wp:featuredmedia":[{"embeddable":true,"href":"https:\/\/www.caraveando.com\/de\/wp-json\/wp\/v2\/media\/4657"}],"wp:attachment":[{"href":"https:\/\/www.caraveando.com\/de\/wp-json\/wp\/v2\/media?parent=5050"}],"curies":[{"name":"wp","href":"https:\/\/api.w.org\/{rel}","templated":true}]}}